{"id":54700,"date":"2021-03-17T15:32:27","date_gmt":"2021-03-17T14:32:27","guid":{"rendered":"https:\/\/www.autohome-official.com\/?page_id=54700"},"modified":"2025-09-20T11:06:53","modified_gmt":"2025-09-20T09:06:53","slug":"garantie-2","status":"publish","type":"page","link":"https:\/\/www.autohome-official.com\/fr\/garantie-2\/","title":{"rendered":"GARANTIE_new"},"content":{"rendered":"<p>[vc_row el_class=\u00a0\u00bbstory-skin-white\u00a0\u00bb css=\u00a0\u00bb.vc_custom_1484733083631{padding-top: 78px !important;}\u00a0\u00bb][vc_column]<pre><span><span><a href=\"https:\/\/www.autohome-official.com\/fr\/\">Home<\/a><\/span><\/span><\/pre>\n[\/vc_column][\/vc_row][vc_row el_class=\u00a0\u00bbstory-skin-white row-90&Prime;][vc_column width=\u00a0\u00bb2\/3&Prime;][vc_column_text]<\/p>\n<h1 style=\"font-size: 40px;\">GARANTIE<\/h1>\n<h3><span style=\"color: #666;\">WARRANTY UP TO 2\/5 YEARS.<\/span><\/h3>\n<p>[\/vc_column_text][\/vc_column][vc_column width=\u00a0\u00bb1\/3&Prime;][vc_empty_space height=\u00a0\u00bb35px\u00a0\u00bb][vc_btn title=\u00a0\u00bbENREGISTREMENT DE GARANTIE\u00a0\u00bb style=\u00a0\u00bbflat\u00a0\u00bb shape=\u00a0\u00bbsquare\u00a0\u00bb color=\u00a0\u00bbdanger\u00a0\u00bb align=\u00a0\u00bbright\u00a0\u00bb link=\u00a0\u00bburl:http%3A%2F%2Fwww.autohome-official.com%2Ffr%2Fenregistrement-de-garantie%2F|||\u00a0\u00bb][\/vc_column][vc_column][vc_separator color=\u00a0\u00bbblack\u00a0\u00bb][\/vc_column][\/vc_row][vc_row el_class=\u00a0\u00bbstory-skin-white row-90&Prime;][vc_column width=\u00a0\u00bb1\/3&Prime; css=\u00a0\u00bb.vc_custom_1587567881252{padding-right: 10% !important;}\u00a0\u00bb el_class=\u00a0\u00bbmobileNoPadding\u00a0\u00bb][vc_column_text]Chacun des articles fabriqu\u00e9s par Autohome a \u00e9t\u00e9 \u00e9tudi\u00e9 dans les moindres d\u00e9tails et r\u00e9alis\u00e9 \u00e0 l\u2019aide des mat\u00e9riaux les plus adapt\u00e9s \u00e0 leur utilisation. Gr\u00e2ce \u00e0 50 ans d\u2019exp\u00e9rience dans le produit, le fabricant a su choisir les meilleurs mat\u00e9riaux, pr\u00e9alablement test\u00e9s pour r\u00e9sister aux conditions climatiques et de voyage les plus disparates.<br \/>\nLes s\u00e9v\u00e8res contr\u00f4les de qualit\u00e9 AUTOHOME auxquels sont soumis les produits, garantissent l\u2019absence de tout d\u00e9faut concernant les mat\u00e9riaux et la fabrication.<br \/>\n[\/vc_column_text][\/vc_column][vc_column width=\u00a0\u00bb1\/3&Prime; css=\u00a0\u00bb.vc_custom_1587567884612{padding-right: 10% !important;}\u00a0\u00bb el_class=\u00a0\u00bbmobileNoPadding\u00a0\u00bb][vc_column_text 0=\u00a0\u00bb\u00a0\u00bb]La majorit\u00e9 des produits Autohome poss\u00e8de une Certification de Qualit\u00e9 T\u00dcV SUD, Certification nr.ZI171001829001.<br \/>\nLa garantie du bon fonctionnement des articles d\u00e9pend du respect des instructions jointes au produit. La garantie ne fonctionne pas en cas de conduite inappropri\u00e9e, d&rsquo;alt\u00e9ration ou de violation en g\u00e9n\u00e9ral des instructions d&rsquo;utilisation attach\u00e9es au produit.<br \/>\n[\/vc_column_text][\/vc_column][vc_column width=\u00a0\u00bb1\/3&Prime; css=\u00a0\u00bb.vc_custom_1587567889036{padding-right: 10% !important;}\u00a0\u00bb el_class=\u00a0\u00bbmobileNoPadding\u00a0\u00bb][vc_column_text 0=\u00a0\u00bb\u00a0\u00bb]Il est recommand\u00e9 de lire attentivement les r\u00e8gles g\u00e9n\u00e9rales d&rsquo;utilisation et d&rsquo;entretien, qui font partie int\u00e9grante du produit, incluses dans l&#8217;emballage. Veillez \u00e0 ne pas les perdre ! En cas de perte, demandez-leur au point de vente ou \u00e0 info@autohome.it<br \/>\nSi des d\u00e9fauts sont d\u00e9tect\u00e9s, la garantie peut \u00eatre utilis\u00e9e conform\u00e9ment \u00e0 la loi.<br \/>\n<u>Il est recommand\u00e9 de conserver la bo\u00eete d&#8217;emballage d&rsquo;origine avec les protections relatives pour l&rsquo;envoi \u00e9ventuel des marchandises sous garantie au Fabricant ou pour l&rsquo;exercice du droit de retour.<\/u>[\/vc_column_text][\/vc_column][\/vc_row][vc_row el_class=\u00a0\u00bbstory-skin-white row-90&Prime;][\/vc_row][vc_row el_class=\u00a0\u00bbstory-skin-white row-90&Prime;][vc_column][vc_separator color=\u00a0\u00bbblack\u00a0\u00bb][\/vc_column][vc_column 0=\u00a0\u00bb\u00a0\u00bb][vc_column_text 0=\u00a0\u00bb\u00a0\u00bb]<strong>1. INFORMATIONS CONCERNANT LA GARANTIE <\/strong>[\/vc_column_text][\/vc_column][\/vc_row][vc_row equal_height=\u00a0\u00bbyes\u00a0\u00bb el_class=\u00a0\u00bbstory-skin-white row-90&Prime;][vc_column width=\u00a0\u00bb1\/3&Prime; css=\u00a0\u00bb.vc_custom_1587567899251{padding-right: 5% !important;}\u00a0\u00bb el_class=\u00a0\u00bbmobileNoPadding\u00a0\u00bb][vc_column_text]<\/p>\n<table class=\"table-invisible\">\n<tbody>\n<tr>\n<td class=\"ta-left\"><strong>1.1<\/strong><\/td>\n<td class=\"ta-left\">La p\u00e9riode de garantie est de 2 ans \u00e0 compter de la date d&rsquo;achat\/livraison du produit. Une garantie suppl\u00e9mentaire de 5 ans est fournie pour les composants du syst\u00e8me d&rsquo;ouverture de la tente de toit. Plus pr\u00e9cis\u00e9ment, la garantie de 5 ans est limit\u00e9e \u00e0 la simple fourniture du composant endommag\u00e9 ; tous les co\u00fbts suppl\u00e9mentaires, l&rsquo;exp\u00e9dition, le transport, la main-d\u2019\u0153uvre et les mat\u00e9riaux n\u00e9cessaires \u00e0 la r\u00e9paration et\/ou aux interventions fonctionnelles du composant endommag\u00e9 et tout autre \u00e9l\u00e9ment seront calcul\u00e9s et factur\u00e9s s\u00e9par\u00e9ment.<\/td>\n<\/tr>\n<\/tbody>\n<\/table>\n<p>[\/vc_column_text][\/vc_column][vc_column width=\u00a0\u00bb1\/3&Prime; css=\u00a0\u00bb.vc_custom_1587567902882{padding-right: 5% !important;}\u00a0\u00bb el_class=\u00a0\u00bbmobileNoPadding\u00a0\u00bb][vc_column_text 0=\u00a0\u00bb\u00a0\u00bb]<\/p>\n<table class=\"table-invisible\">\n<tbody>\n<tr>\n<td class=\"ta-left\"><strong>1.2<\/strong><\/td>\n<td class=\"ta-left\">La garantie ne couvre pas les d\u00e9fauts caus\u00e9s par une utilisation inappropri\u00e9e ou par l&rsquo;usure normale des composants.<\/td>\n<\/tr>\n<tr>\n<td class=\"ta-left\"><strong>1.3<\/strong><\/td>\n<td class=\"ta-left\">Chaque tente de toit Autohome porte un num\u00e9ro de s\u00e9rie (\u00e9tiquette d\u00e9tectable sur la bande int\u00e9rieure de la porte d&rsquo;entr\u00e9e du tente) qui identifie la tente et les contr\u00f4les de qualit\u00e9 auxquels il a \u00e9t\u00e9 soumis.<\/td>\n<\/tr>\n<\/tbody>\n<\/table>\n<p>[\/vc_column_text][vc_column_text 0=\u00a0\u00bb\u00a0\u00bb]<\/p>\n<table class=\"table-leggenda inverted\">\n<tbody>\n<tr>\n<td class=\"ta-left\"><strong>Quality<\/strong><\/td>\n<td class=\"ta-left\"><strong>T\u00dcV \u00aeID:0000024461<\/strong><\/td>\n<\/tr>\n<tr>\n<td class=\"ta-left\"><strong>Registration<\/strong><\/td>\n<td class=\"ta-left\"><strong>AK 6002483340001<\/strong><\/td>\n<\/tr>\n<tr>\n<td class=\"ta-left\"><strong>Report N\u00b0<\/strong><\/td>\n<td class=\"ta-left\"><strong>28101842001<\/strong><\/td>\n<\/tr>\n<tr>\n<td class=\"ta-left\"><strong>Tested acc. To<\/strong><\/td>\n<td class=\"ta-left\"><strong>DIN 75302 \/ 02.91<\/strong><\/td>\n<\/tr>\n<tr>\n<td class=\"ta-left\"><strong>Cologne (Germany)<\/strong><\/td>\n<td class=\"ta-left\"><strong>22.04.2009<\/strong><\/td>\n<\/tr>\n<\/tbody>\n<\/table>\n<p>[\/vc_column_text][\/vc_column][vc_column width=\u00a0\u00bb1\/3&Prime; css=\u00a0\u00bb.vc_custom_1587567906046{padding-right: 5% !important;}\u00a0\u00bb el_class=\u00a0\u00bbmobileNoPadding\u00a0\u00bb][vc_single_image image=\u00a0\u00bb25035&Prime; img_size=\u00a0\u00bbfull\u00a0\u00bb alignment=\u00a0\u00bbcenter\u00a0\u00bb][\/vc_column][\/vc_row][vc_row el_class=\u00a0\u00bbstory-skin-white row-90&Prime;][vc_column][vc_separator color=\u00a0\u00bbblack\u00a0\u00bb][\/vc_column][vc_column 0=\u00a0\u00bb\u00a0\u00bb width=\u00a0\u00bb1\/3&Prime;][vc_column_text 0=\u00a0\u00bb\u00a0\u00bb]<strong>2. ENREGISTREMENT DE GARANTIE <\/strong>[\/vc_column_text][\/vc_column][vc_column width=\u00a0\u00bb1\/3&Prime;][vc_column_text 0=\u00a0\u00bb\u00a0\u00bb]<strong>VALIDIT\u00c9 DE LA GARANTIE <\/strong>[\/vc_column_text][\/vc_column][\/vc_row][vc_row equal_height=\u00a0\u00bbyes\u00a0\u00bb el_class=\u00a0\u00bbstory-skin-white row-90&Prime;][vc_column width=\u00a0\u00bb1\/3&Prime; css=\u00a0\u00bb.vc_custom_1587567899251{padding-right: 5% !important;}\u00a0\u00bb el_class=\u00a0\u00bbmobileNoPadding\u00a0\u00bb][vc_column_text]<\/p>\n<table class=\"table-invisible\">\n<tbody>\n<tr>\n<td class=\"ta-left\"><strong>2.1<\/strong><\/td>\n<td class=\"ta-left\">Afin de b\u00e9n\u00e9ficier de la Garantie sans avoir besoin de produire d&rsquo;autres documents, le Client est tenu d&rsquo;enregistrer la Garantie sur le site Web, sur le lien <a href=\"https:\/\/www.autohome-official.com\/fr\/enregistrement-de-garantie\/\">\u00ab\u00a0Enregistrement de la Garantie\u00a0\u00bb<\/a><\/td>\n<\/tr>\n<\/tbody>\n<\/table>\n<p>[\/vc_column_text][\/vc_column][vc_column width=\u00a0\u00bb1\/3&Prime; css=\u00a0\u00bb.vc_custom_1587567902882{padding-right: 5% !important;}\u00a0\u00bb el_class=\u00a0\u00bbmobileNoPadding\u00a0\u00bb][vc_column_text 0=\u00a0\u00bb\u00a0\u00bb]Dans le cas o\u00f9 le Client n&rsquo;a pas enregistr\u00e9 la garantie, il doit produire une copie de la facture et\/ou du re\u00e7u d&rsquo;achat, ou un document valide prouvant le paiement.[\/vc_column_text][\/vc_column][vc_column width=\u00a0\u00bb1\/3&Prime; css=\u00a0\u00bb.vc_custom_1587567906046{padding-right: 5% !important;}\u00a0\u00bb el_class=\u00a0\u00bbmobileNoPadding\u00a0\u00bb][\/vc_column][\/vc_row][vc_row equal_height=\u00a0\u00bbyes\u00a0\u00bb el_class=\u00a0\u00bbstory-skin-white row-90&Prime;][vc_column css=\u00a0\u00bb.vc_custom_1502876030113{padding-right: 5% !important;}\u00a0\u00bb][vc_separator color=\u00a0\u00bbblack\u00a0\u00bb][\/vc_column][vc_column][vc_column_text 0=\u00a0\u00bb\u00a0\u00bb]<strong>3. ACTIVATION DE LA GARANTIE <\/strong>[\/vc_column_text][\/vc_column][vc_column width=\u00a0\u00bb1\/3&Prime; css=\u00a0\u00bb.vc_custom_1587567920059{padding-right: 5% !important;}\u00a0\u00bb el_class=\u00a0\u00bbmobileNoPadding\u00a0\u00bb][vc_column_text]<\/p>\n<table class=\"table-invisible\">\n<tbody>\n<tr>\n<td class=\"ta-left\"><strong>3.1<\/strong><\/td>\n<td class=\"ta-left\">Dans le cas o\u00f9 le Client a l&rsquo;intention d&rsquo;appliquer la garantie, il doit contacter: SERVICE CLIENT\u00c8LE INTERNATIONAL: info@autohome.it \/ T\u00e9l\u00e9phone +39037699590.<\/td>\n<\/tr>\n<tr>\n<td class=\"ta-left\"><\/td>\n<td class=\"ta-left\">SERVICE CLIENT ALLEMAGNE: info@autohome-official.de \/ T\u00e9l\u00e9phone +4915238946882 Lun-Vr 9:00\/13:00<\/td>\n<\/tr>\n<\/tbody>\n<\/table>\n<p>[\/vc_column_text][\/vc_column][vc_column width=\u00a0\u00bb1\/3&Prime; css=\u00a0\u00bb.vc_custom_1587567923738{padding-right: 5% !important;}\u00a0\u00bb el_class=\u00a0\u00bbmobileNoPadding\u00a0\u00bb][vc_column_text 0=\u00a0\u00bb\u00a0\u00bb]<\/p>\n<table class=\"table-invisible\">\n<tbody>\n<tr>\n<td class=\"ta-left\"><strong>3.2<\/strong><\/td>\n<td class=\"ta-left\">Dans le cas o\u00f9 le Client a l&rsquo;intention d&rsquo;appliquer la garantie, il doit contacter :<br \/>\na) le num\u00e9ro de s\u00e9rie du produit (\u00e9tiquette d\u00e9tectable sur la bande int\u00e9rieure de la porte d&rsquo;entr\u00e9e du tente) ;<br \/>\nb) le d\u00e9faut de conformit\u00e9 constat\u00e9, en le documentant avec des photographies et annotations sp\u00e9cifiques, en indiquant son adresse \u00e9lectronique et son num\u00e9ro de t\u00e9l\u00e9phone.<br \/>\nLe Vendeur s&rsquo;engage \u00e0 contacter le Client pour coordonner la v\u00e9rification des d\u00e9fauts d\u00e9nonc\u00e9s sur le produit.<\/td>\n<\/tr>\n<\/tbody>\n<\/table>\n<p>[\/vc_column_text][\/vc_column][vc_column width=\u00a0\u00bb1\/3&Prime; el_class=\u00a0\u00bbmobileNoPadding\u00a0\u00bb][vc_column_text 0=\u00a0\u00bb\u00a0\u00bb]<\/p>\n<table class=\"table-invisible\">\n<tbody>\n<tr>\n<td class=\"ta-left\"><strong>3.3<\/strong><\/td>\n<td class=\"ta-left\">Le Fabricant informe ses clients que les r\u00e9parations sous garantie des d\u00e9fauts de nature esth\u00e9tique et en tout \u00e9tat de cause des d\u00e9fauts qui ne compromettent pas la fonctionnalit\u00e9 et la s\u00e9curit\u00e9 du produit, ne seront effectu\u00e9es que et exclusivement dans les mois d&rsquo;Octobre, Novembre, D\u00e9cembre et Janvier et que, par cons\u00e9quent, les retraits seront organis\u00e9s pendant ces p\u00e9riodes.<br \/>\nDans ce cas, la dur\u00e9e de la garantie restera suspendue pour la p\u00e9riode allant de F\u00e9vrier \u00e0 Septembre inclus.<\/td>\n<\/tr>\n<\/tbody>\n<\/table>\n<p>[\/vc_column_text][\/vc_column][\/vc_row][vc_row el_class=\u00a0\u00bbstory-skin-white row-90&Prime;][vc_column width=\u00a0\u00bb3\/4&Prime; css=\u00a0\u00bb.vc_custom_1595338568650{padding-right: 5% !important;}\u00a0\u00bb el_class=\u00a0\u00bbmobileNoPadding\u00a0\u00bb][vc_column_text 0=\u00a0\u00bb\u00a0\u00bb]<\/p>\n<table class=\"table-garanzia\">\n<thead>\n<tr>\n<th>MOD\u00c8LES<\/th>\n<th>POIDS DE LA TENTE<\/th>\n<th>POIDS MAXIMUM OCCUPANTS<\/th>\n<th>DIMENSIONS<\/th>\n<th>DIMENSIONS OUVERTE<\/th>\n<th>VOLUME INTERNE<\/th>\n<\/tr>\n<\/thead>\n<tbody>\n<tr class=\"tab-bgGray\">\n<td>Maggiolina Airlander Small<\/td>\n<td>ca. 66 kg<\/td>\n<td>\u00a0<img decoding=\"async\" class=\"size-full wp-image-26821 alignnone\" src=\"https:\/\/www.autohome-official.com\/wp-content\/uploads\/2016\/09\/x2.png\" alt=\"\" width=\"16.6\" height=\"20\" srcset=\"https:\/\/www.autohome-official.com\/wp-content\/uploads\/2016\/09\/x2.png 60w, https:\/\/www.autohome-official.com\/wp-content\/uploads\/2016\/09\/x2-39x50.png 39w\" sizes=\"(max-width: 60px) 100vw, 60px\" \/> ca. 180 kg<\/td>\n<td>130x210x30<\/td>\n<td>130x210x92<\/td>\n<td>ca. 196 l<\/td>\n<\/tr>\n<tr class=\"tab-bgGray\">\n<td>Maggiolina Airlander Medium<\/td>\n<td>ca. 72 kg<\/td>\n<td><img decoding=\"async\" class=\"size-full wp-image-26821 alignnone\" src=\"https:\/\/www.autohome-official.com\/wp-content\/uploads\/2016\/09\/x3.png\" alt=\"\" width=\"21.7\" height=\"20\" \/> ca. 230 kg<\/td>\n<td>145x210x30<\/td>\n<td>145x210x92<\/td>\n<td>ca. 220 l<\/td>\n<\/tr>\n<tr class=\"tab-bgGray\">\n<td>Maggiolina Airlander Large<\/td>\n<td>ca. 84 kg<\/td>\n<td><img decoding=\"async\" class=\"size-full wp-image-26821 alignnone\" src=\"https:\/\/www.autohome-official.com\/wp-content\/uploads\/2016\/09\/x4.png\" alt=\"\" width=\"27.3\" height=\"20\" \/> ca. 280 kg<\/td>\n<td>160x215x30<\/td>\n<td>160x215x92<\/td>\n<td>ca. 260 l<\/td>\n<\/tr>\n<tr>\n<td>Maggiolina Extreme Small<\/td>\n<td>ca. 70 kg<\/td>\n<td><img decoding=\"async\" class=\"size-full wp-image-26821 alignnone\" src=\"https:\/\/www.autohome-official.com\/wp-content\/uploads\/2016\/09\/x2.png\" alt=\"\" width=\"16.6\" height=\"20\" srcset=\"https:\/\/www.autohome-official.com\/wp-content\/uploads\/2016\/09\/x2.png 60w, https:\/\/www.autohome-official.com\/wp-content\/uploads\/2016\/09\/x2-39x50.png 39w\" sizes=\"(max-width: 60px) 100vw, 60px\" \/> ca. 180 kg<\/td>\n<td>130x210x33<\/td>\n<td>130x210x90<\/td>\n<td>ca. 203 l<\/td>\n<\/tr>\n<tr>\n<td>Maggiolina Extreme Medium<\/td>\n<td>ca. 75 kg<\/td>\n<td><img decoding=\"async\" class=\"size-full wp-image-26821 alignnone\" src=\"https:\/\/www.autohome-official.com\/wp-content\/uploads\/2016\/09\/x3.png\" alt=\"\" width=\"21.7\" height=\"20\" \/> ca. 230 kg<\/td>\n<td>145x210x33<\/td>\n<td>145x210x90<\/td>\n<td>ca. 228 l<\/td>\n<\/tr>\n<tr class=\"tab-bgGray\">\n<td>Maggiolina Grand Tour Small<\/td>\n<td>ca. 67 kg<\/td>\n<td><img decoding=\"async\" class=\"size-full wp-image-26821 alignnone\" src=\"https:\/\/www.autohome-official.com\/wp-content\/uploads\/2016\/09\/x2.png\" alt=\"\" width=\"16.6\" height=\"20\" srcset=\"https:\/\/www.autohome-official.com\/wp-content\/uploads\/2016\/09\/x2.png 60w, https:\/\/www.autohome-official.com\/wp-content\/uploads\/2016\/09\/x2-39x50.png 39w\" sizes=\"(max-width: 60px) 100vw, 60px\" \/> ca. 180 kg<\/td>\n<td>130x210x36<\/td>\n<td>130x210x96<\/td>\n<td>ca. 344 l<\/td>\n<\/tr>\n<tr class=\"tab-bgGray\">\n<td>Maggiolina Grand Tour Medium<\/td>\n<td>ca. 72 kg<\/td>\n<td><img decoding=\"async\" class=\"size-full wp-image-26821 alignnone\" src=\"https:\/\/www.autohome-official.com\/wp-content\/uploads\/2016\/09\/x3.png\" alt=\"\" width=\"21.7\" height=\"20\" \/> ca. 230 kg<\/td>\n<td>145x210x36<\/td>\n<td>145x210x96<\/td>\n<td>ca. 378 l<\/td>\n<\/tr>\n<tr class=\"tab-bgGray\">\n<td>Maggiolina Grand Tour Large<\/td>\n<td>ca. 85 kg<\/td>\n<td><img decoding=\"async\" class=\"size-full wp-image-26821 alignnone\" src=\"https:\/\/www.autohome-official.com\/wp-content\/uploads\/2016\/09\/x4.png\" alt=\"\" width=\"27.3\" height=\"20\" \/> ca. 280 kg<\/td>\n<td>160x215x36<\/td>\n<td>160x215x96<\/td>\n<td>ca. 461 l<\/td>\n<\/tr>\n<tr class=\"tab-bgGray\">\n<td>Maggiolina Grand Tour Small X-Long<\/td>\n<td>ca. 73 kg<\/td>\n<td><img decoding=\"async\" class=\"size-full wp-image-26821 alignnone\" src=\"https:\/\/www.autohome-official.com\/wp-content\/uploads\/2016\/09\/x2.png\" alt=\"\" width=\"16.6\" height=\"20\" srcset=\"https:\/\/www.autohome-official.com\/wp-content\/uploads\/2016\/09\/x2.png 60w, https:\/\/www.autohome-official.com\/wp-content\/uploads\/2016\/09\/x2-39x50.png 39w\" sizes=\"(max-width: 60px) 100vw, 60px\" \/> ca. 180 kg<\/td>\n<td>130x230x36<\/td>\n<td>130x230x96<\/td>\n<td>ca. 358 l<\/td>\n<\/tr>\n<tr class=\"tab-bgGray\">\n<td>Maggiolina Grand Tour Medium X-Long<\/td>\n<td>ca. 79 kg<\/td>\n<td><img decoding=\"async\" class=\"size-full wp-image-26821 alignnone\" src=\"https:\/\/www.autohome-official.com\/wp-content\/uploads\/2016\/09\/x3.png\" alt=\"\" width=\"21.7\" height=\"20\" \/> ca. 230 kg<\/td>\n<td>145x230x36<\/td>\n<td>145x230x96<\/td>\n<td>ca. 393 l<\/td>\n<\/tr>\n<tr class=\"tab-bgGray\">\n<td>Maggiolina Grand Tour Large X-Long<\/td>\n<td>ca. 92 kg<\/td>\n<td><img decoding=\"async\" class=\"size-full wp-image-26821 alignnone\" src=\"https:\/\/www.autohome-official.com\/wp-content\/uploads\/2016\/09\/x4.png\" alt=\"\" width=\"27.3\" height=\"20\" \/> ca. 280 kg<\/td>\n<td>160x230x36<\/td>\n<td>160x230x96<\/td>\n<td>ca. 477 l<\/td>\n<\/tr>\n<tr>\n<td>Maggiolina Grand Tour 360\u00b0 Small<\/td>\n<td>ca. 67 kg<\/td>\n<td><img decoding=\"async\" class=\"size-full wp-image-26821 alignnone\" src=\"https:\/\/www.autohome-official.com\/wp-content\/uploads\/2016\/09\/x2.png\" alt=\"\" width=\"16.6\" height=\"20\" srcset=\"https:\/\/www.autohome-official.com\/wp-content\/uploads\/2016\/09\/x2.png 60w, https:\/\/www.autohome-official.com\/wp-content\/uploads\/2016\/09\/x2-39x50.png 39w\" sizes=\"(max-width: 60px) 100vw, 60px\" \/> ca. 180 kg<\/td>\n<td>130x210x36<\/td>\n<td>130x210x96<\/td>\n<td>ca. 344 l<\/td>\n<\/tr>\n<tr>\n<td>Maggiolina Grand Tour 360\u00b0 Medium<\/td>\n<td>ca. 72 kg<\/td>\n<td><img decoding=\"async\" class=\"size-full wp-image-26821 alignnone\" src=\"https:\/\/www.autohome-official.com\/wp-content\/uploads\/2016\/09\/x3.png\" alt=\"\" width=\"21.7\" height=\"20\" \/> ca. 230 kg<\/td>\n<td>145x210x36<\/td>\n<td>145x210x96<\/td>\n<td>ca. 378 l<\/td>\n<\/tr>\n<tr>\n<td>Maggiolina Grand Tour 360\u00b0 Large<\/td>\n<td>ca. 85 kg<\/td>\n<td><img decoding=\"async\" class=\"size-full wp-image-26821 alignnone\" src=\"https:\/\/www.autohome-official.com\/wp-content\/uploads\/2016\/09\/x4.png\" alt=\"\" width=\"27.3\" height=\"20\" \/> ca. 280 kg<\/td>\n<td>160x215x36<\/td>\n<td>160x215x96<\/td>\n<td>ca. 461 l<\/td>\n<\/tr>\n<tr>\n<td>Maggiolina Grand Tour 360\u00b0 Small X-Long<\/td>\n<td>ca. 73 kg<\/td>\n<td><img decoding=\"async\" class=\"size-full wp-image-26821 alignnone\" src=\"https:\/\/www.autohome-official.com\/wp-content\/uploads\/2016\/09\/x2.png\" alt=\"\" width=\"16.6\" height=\"20\" srcset=\"https:\/\/www.autohome-official.com\/wp-content\/uploads\/2016\/09\/x2.png 60w, https:\/\/www.autohome-official.com\/wp-content\/uploads\/2016\/09\/x2-39x50.png 39w\" sizes=\"(max-width: 60px) 100vw, 60px\" \/> ca. 180 kg<\/td>\n<td>130x230x36<\/td>\n<td>130x230x96<\/td>\n<td>ca. 358 l<\/td>\n<\/tr>\n<tr>\n<td>Maggiolina Grand Tour 360\u00b0 Medium X-Long<\/td>\n<td>ca. 79 kg<\/td>\n<td><img decoding=\"async\" class=\"size-full wp-image-26821 alignnone\" src=\"https:\/\/www.autohome-official.com\/wp-content\/uploads\/2016\/09\/x3.png\" alt=\"\" width=\"21.7\" height=\"20\" \/> ca. 230 kg<\/td>\n<td>145x230x36<\/td>\n<td>145x230x96<\/td>\n<td>ca. 393 l<\/td>\n<\/tr>\n<tr>\n<td>Maggiolina Grand Tour 360\u00b0 Large X-Long<\/td>\n<td>ca. 92 kg<\/td>\n<td><img decoding=\"async\" class=\"size-full wp-image-26821 alignnone\" src=\"https:\/\/www.autohome-official.com\/wp-content\/uploads\/2016\/09\/x4.png\" alt=\"\" width=\"27.3\" height=\"20\" \/> ca. 280 kg<\/td>\n<td>160x230x36<\/td>\n<td>160x230x96<\/td>\n<td>ca. 477 l<\/td>\n<\/tr>\n<tr class=\"tab-bgGray\">\n<td>Maggiolina Airlander\u00a0Plus Small<\/td>\n<td>ca. 66 kg<\/td>\n<td><img decoding=\"async\" class=\"size-full wp-image-26821 alignnone\" src=\"https:\/\/www.autohome-official.com\/wp-content\/uploads\/2016\/09\/x2.png\" alt=\"\" width=\"16.6\" height=\"20\" srcset=\"https:\/\/www.autohome-official.com\/wp-content\/uploads\/2016\/09\/x2.png 60w, https:\/\/www.autohome-official.com\/wp-content\/uploads\/2016\/09\/x2-39x50.png 39w\" sizes=\"(max-width: 60px) 100vw, 60px\" \/> ca. 180 kg<\/td>\n<td>130x210x30<\/td>\n<td>130x210x92<\/td>\n<td>ca. 196 l<\/td>\n<\/tr>\n<tr class=\"tab-bgGray\">\n<td>Maggiolina Airlander\u00a0Plus Medium<\/td>\n<td>ca. 72 kg<\/td>\n<td><img decoding=\"async\" class=\"size-full wp-image-26821 alignnone\" src=\"https:\/\/www.autohome-official.com\/wp-content\/uploads\/2016\/09\/x3.png\" alt=\"\" width=\"21.7\" height=\"20\" \/> ca. 230 kg<\/td>\n<td>145x210x30<\/td>\n<td>145x210x92<\/td>\n<td>ca. 220 l<\/td>\n<\/tr>\n<tr class=\"tab-bgGray\">\n<td>Maggiolina Airlander\u00a0Plus Large<\/td>\n<td>ca. 84 kg<\/td>\n<td><img decoding=\"async\" class=\"size-full wp-image-26821 alignnone\" src=\"https:\/\/www.autohome-official.com\/wp-content\/uploads\/2016\/09\/x4.png\" alt=\"\" width=\"27.3\" height=\"20\" \/> ca. 280 kg<\/td>\n<td>160x215x30<\/td>\n<td>160x215x92<\/td>\n<td>ca. 260 l<\/td>\n<\/tr>\n<tr class=\"tab-bgGray\">\n<td>Maggiolina Airlander\u00a0Plus X-Long Small<\/td>\n<td>ca. 72 kg<\/td>\n<td><img decoding=\"async\" class=\"size-full wp-image-26821 alignnone\" src=\"https:\/\/www.autohome-official.com\/wp-content\/uploads\/2016\/09\/x2.png\" alt=\"\" width=\"16.6\" height=\"20\" srcset=\"https:\/\/www.autohome-official.com\/wp-content\/uploads\/2016\/09\/x2.png 60w, https:\/\/www.autohome-official.com\/wp-content\/uploads\/2016\/09\/x2-39x50.png 39w\" sizes=\"(max-width: 60px) 100vw, 60px\" \/> ca. 180 kg<\/td>\n<td>130x230x30<\/td>\n<td>130x230x92<\/td>\n<td>ca. 210 l<\/td>\n<\/tr>\n<tr class=\"tab-bgGray\">\n<td>Maggiolina Airlander Plus X-Long Medium<\/td>\n<td>ca. 79 kg<\/td>\n<td><img decoding=\"async\" class=\"size-full wp-image-26821 alignnone\" src=\"https:\/\/www.autohome-official.com\/wp-content\/uploads\/2016\/09\/x3.png\" alt=\"\" width=\"21.7\" height=\"20\" \/> ca. 230 kg<\/td>\n<td>145x230x30<\/td>\n<td>145x230x92<\/td>\n<td>ca. 235 l<\/td>\n<\/tr>\n<tr class=\"tab-bgGray\">\n<td>Maggiolina Airlander Plus 360\u00b0 X-Large<\/td>\n<td>ca. 99 kg<\/td>\n<td><img decoding=\"async\" class=\"size-full wp-image-26821 alignnone\" src=\"https:\/\/www.autohome-official.com\/wp-content\/uploads\/2016\/09\/x4.png\" alt=\"\" width=\"27.3\" height=\"20\" \/> ca. 280 kg<\/td>\n<td>180x230x30<\/td>\n<td>180x230x92<\/td>\n<td>ca. 300 l<\/td>\n<\/tr>\n<tr>\n<td>Maggiolina Carbon Fiber Small<\/td>\n<td>ca. 56 kg<\/td>\n<td><img decoding=\"async\" class=\"size-full wp-image-26821 alignnone\" src=\"https:\/\/www.autohome-official.com\/wp-content\/uploads\/2016\/09\/x2.png\" alt=\"\" width=\"16.6\" height=\"20\" srcset=\"https:\/\/www.autohome-official.com\/wp-content\/uploads\/2016\/09\/x2.png 60w, https:\/\/www.autohome-official.com\/wp-content\/uploads\/2016\/09\/x2-39x50.png 39w\" sizes=\"(max-width: 60px) 100vw, 60px\" \/> ca. 180 kg<\/td>\n<td>130x210x30<\/td>\n<td>130x210x92<\/td>\n<td>ca. 196 l<\/td>\n<\/tr>\n<tr>\n<td>Maggiolina Carbon Fiber Medium<\/td>\n<td>ca. 62 kg<\/td>\n<td><img decoding=\"async\" class=\"size-full wp-image-26821 alignnone\" src=\"https:\/\/www.autohome-official.com\/wp-content\/uploads\/2016\/09\/x3.png\" alt=\"\" width=\"21.7\" height=\"20\" \/> ca. 230 kg<\/td>\n<td>145x210x30<\/td>\n<td>145x210x92<\/td>\n<td>ca. 220 l<\/td>\n<\/tr>\n<tr class=\"tab-bgGray\">\n<td>Airtop Small<\/td>\n<td>ca. 60 kg<\/td>\n<td><img decoding=\"async\" class=\"size-full wp-image-26821 alignnone\" src=\"https:\/\/www.autohome-official.com\/wp-content\/uploads\/2016\/09\/x2.png\" alt=\"\" width=\"16.6\" height=\"20\" srcset=\"https:\/\/www.autohome-official.com\/wp-content\/uploads\/2016\/09\/x2.png 60w, https:\/\/www.autohome-official.com\/wp-content\/uploads\/2016\/09\/x2-39x50.png 39w\" sizes=\"(max-width: 60px) 100vw, 60px\" \/> ca. 180 kg<\/td>\n<td>130x210x33<\/td>\n<td>130x210x94<\/td>\n<td>ca. 271 l<\/td>\n<\/tr>\n<tr class=\"tab-bgGray\">\n<td>Airtop Medium<\/td>\n<td>ca. 65 kg<\/td>\n<td><img decoding=\"async\" class=\"size-full wp-image-26821 alignnone\" src=\"https:\/\/www.autohome-official.com\/wp-content\/uploads\/2016\/09\/x3.png\" alt=\"\" width=\"21.7\" height=\"20\" \/> ca. 230 kg<\/td>\n<td>145x210x33<\/td>\n<td>145x210x94<\/td>\n<td>ca. 305 l<\/td>\n<\/tr>\n<tr class=\"tab-bgGray\">\n<td>Airtop Large<\/td>\n<td>ca. 77 kg<\/td>\n<td><img decoding=\"async\" class=\"size-full wp-image-26821 alignnone\" src=\"https:\/\/www.autohome-official.com\/wp-content\/uploads\/2016\/09\/x4.png\" alt=\"\" width=\"27.3\" height=\"20\" \/> ca. 280 kg<\/td>\n<td>160x210x33<\/td>\n<td>160x210x94<\/td>\n<td>ca. 340 l<\/td>\n<\/tr>\n<tr>\n<td>Airtop 360\u00b0 Small<\/td>\n<td>ca. 60 kg<\/td>\n<td><img decoding=\"async\" class=\"size-full wp-image-26821 alignnone\" src=\"https:\/\/www.autohome-official.com\/wp-content\/uploads\/2016\/09\/x2.png\" alt=\"\" width=\"16.6\" height=\"20\" srcset=\"https:\/\/www.autohome-official.com\/wp-content\/uploads\/2016\/09\/x2.png 60w, https:\/\/www.autohome-official.com\/wp-content\/uploads\/2016\/09\/x2-39x50.png 39w\" sizes=\"(max-width: 60px) 100vw, 60px\" \/> ca. 180 kg<\/td>\n<td>130x210x33<\/td>\n<td>130x210x94<\/td>\n<td>ca. 271 l<\/td>\n<\/tr>\n<tr>\n<td>Airtop 360\u00b0 Medium<\/td>\n<td>ca. 65 kg<\/td>\n<td><img decoding=\"async\" class=\"size-full wp-image-26821 alignnone\" src=\"https:\/\/www.autohome-official.com\/wp-content\/uploads\/2016\/09\/x3.png\" alt=\"\" width=\"21.7\" height=\"20\" \/> ca. 230 kg<\/td>\n<td>145x210x33<\/td>\n<td>145x210x94<\/td>\n<td>ca. 305 l<\/td>\n<\/tr>\n<tr>\n<td>Airtop 360\u00b0 Large<\/td>\n<td>ca. 77 kg<\/td>\n<td><img decoding=\"async\" class=\"size-full wp-image-26821 alignnone\" src=\"https:\/\/www.autohome-official.com\/wp-content\/uploads\/2016\/09\/x4.png\" alt=\"\" width=\"27.3\" height=\"20\" \/> ca. 280 kg<\/td>\n<td>160x210x33<\/td>\n<td>160x210x94<\/td>\n<td>ca. 340 l<\/td>\n<\/tr>\n<tr class=\"tab-bgGray\">\n<td>Columbus Small<\/td>\n<td>ca. 59 kg<\/td>\n<td><img decoding=\"async\" class=\"size-full wp-image-26821 alignnone\" src=\"https:\/\/www.autohome-official.com\/wp-content\/uploads\/2016\/09\/x2.png\" alt=\"\" width=\"16.6\" height=\"20\" srcset=\"https:\/\/www.autohome-official.com\/wp-content\/uploads\/2016\/09\/x2.png 60w, https:\/\/www.autohome-official.com\/wp-content\/uploads\/2016\/09\/x2-39x50.png 39w\" sizes=\"(max-width: 60px) 100vw, 60px\" \/> ca. 180 kg<\/td>\n<td>130x210x30<\/td>\n<td>130x210x150<\/td>\n<td>ca. 196 l<\/td>\n<\/tr>\n<tr class=\"tab-bgGray\">\n<td>Columbus Medium<\/td>\n<td>ca. 65 kg<\/td>\n<td><img decoding=\"async\" class=\"size-full wp-image-26821 alignnone\" src=\"https:\/\/www.autohome-official.com\/wp-content\/uploads\/2016\/09\/x3.png\" alt=\"\" width=\"21.7\" height=\"20\" \/> ca. 230 kg<\/td>\n<td>145x210x30<\/td>\n<td>145x210x150<\/td>\n<td>ca. 220 l<\/td>\n<\/tr>\n<tr class=\"tab-bgGray\">\n<td>Columbus Large<\/td>\n<td>ca. 77 kg<\/td>\n<td><img decoding=\"async\" class=\"size-full wp-image-26821 alignnone\" src=\"https:\/\/www.autohome-official.com\/wp-content\/uploads\/2016\/09\/x4.png\" alt=\"\" width=\"27.3\" height=\"20\" \/> ca. 280 kg<\/td>\n<td>160x215x30<\/td>\n<td>160x215x150<\/td>\n<td>ca. 260 l<\/td>\n<\/tr>\n<tr>\n<td>Columbus Variant Small<\/td>\n<td>ca. 59 kg<\/td>\n<td><img decoding=\"async\" class=\"size-full wp-image-26821 alignnone\" src=\"https:\/\/www.autohome-official.com\/wp-content\/uploads\/2016\/09\/x2.png\" alt=\"\" width=\"16.6\" height=\"20\" srcset=\"https:\/\/www.autohome-official.com\/wp-content\/uploads\/2016\/09\/x2.png 60w, https:\/\/www.autohome-official.com\/wp-content\/uploads\/2016\/09\/x2-39x50.png 39w\" sizes=\"(max-width: 60px) 100vw, 60px\" \/> ca. 180 kg<\/td>\n<td>130x210x30<\/td>\n<td>130x210x150<\/td>\n<td>ca. 196 l<\/td>\n<\/tr>\n<tr>\n<td>Columbus Variant Medium<\/td>\n<td>ca. 65 kg<\/td>\n<td><img decoding=\"async\" class=\"size-full wp-image-26821 alignnone\" src=\"https:\/\/www.autohome-official.com\/wp-content\/uploads\/2016\/09\/x3.png\" alt=\"\" width=\"21.7\" height=\"20\" \/> ca. 230 kg<\/td>\n<td>145x210x30<\/td>\n<td>145x210x150<\/td>\n<td>ca. 220 l<\/td>\n<\/tr>\n<tr>\n<td>Columbus Variant Large<\/td>\n<td>ca. 77 kg<\/td>\n<td><img decoding=\"async\" class=\"size-full wp-image-26821 alignnone\" src=\"https:\/\/www.autohome-official.com\/wp-content\/uploads\/2016\/09\/x4.png\" alt=\"\" width=\"27.3\" height=\"20\" \/> ca. 280 kg<\/td>\n<td>160x215x30<\/td>\n<td>160x215x150<\/td>\n<td>ca. 260 l<\/td>\n<\/tr>\n<tr>\n<td>Columbus Variant X-Long Small<\/td>\n<td>ca. 64 kg<\/td>\n<td><img decoding=\"async\" class=\"size-full wp-image-26821 alignnone\" src=\"https:\/\/www.autohome-official.com\/wp-content\/uploads\/2016\/09\/x2.png\" alt=\"\" width=\"16.6\" height=\"20\" srcset=\"https:\/\/www.autohome-official.com\/wp-content\/uploads\/2016\/09\/x2.png 60w, https:\/\/www.autohome-official.com\/wp-content\/uploads\/2016\/09\/x2-39x50.png 39w\" sizes=\"(max-width: 60px) 100vw, 60px\" \/> ca. 180 kg<\/td>\n<td>130x230x30<\/td>\n<td>130x230x150<\/td>\n<td>ca. 210 l<\/td>\n<\/tr>\n<tr>\n<td>Columbus Variant X-Long Medium<\/td>\n<td>ca. 71 kg<\/td>\n<td><img decoding=\"async\" class=\"size-full wp-image-26821 alignnone\" src=\"https:\/\/www.autohome-official.com\/wp-content\/uploads\/2016\/09\/x3.png\" alt=\"\" width=\"21.7\" height=\"20\" \/> ca. 230kg<\/td>\n<td>145x230x30<\/td>\n<td>145x230x150<\/td>\n<td>ca. 235 l<\/td>\n<\/tr>\n<tr class=\"tab-bgGray\">\n<td>Columbus Carbon Fiber Small<\/td>\n<td>ca. 49 kg<\/td>\n<td><img decoding=\"async\" class=\"size-full wp-image-26821 alignnone\" src=\"https:\/\/www.autohome-official.com\/wp-content\/uploads\/2016\/09\/x2.png\" alt=\"\" width=\"16.6\" height=\"20\" srcset=\"https:\/\/www.autohome-official.com\/wp-content\/uploads\/2016\/09\/x2.png 60w, https:\/\/www.autohome-official.com\/wp-content\/uploads\/2016\/09\/x2-39x50.png 39w\" sizes=\"(max-width: 60px) 100vw, 60px\" \/> ca. 180 kg<\/td>\n<td>130x210x30<\/td>\n<td>130x210x150<\/td>\n<td>ca. 196 l<\/td>\n<\/tr>\n<tr class=\"tab-bgGray\">\n<td>Columbus Carbon Fiber Medium<\/td>\n<td>ca. 55 kg<\/td>\n<td><img decoding=\"async\" class=\"size-full wp-image-26821 alignnone\" src=\"https:\/\/www.autohome-official.com\/wp-content\/uploads\/2016\/09\/x3.png\" alt=\"\" width=\"21.7\" height=\"20\" \/> ca. 230 kg<\/td>\n<td>145x210x30<\/td>\n<td>145x210x150<\/td>\n<td>ca. 220 l<\/td>\n<\/tr>\n<tr>\n<td>Air-Camping Small<\/td>\n<td>ca. 54 kg<\/td>\n<td><img decoding=\"async\" class=\"size-full wp-image-26821 alignnone\" src=\"https:\/\/www.autohome-official.com\/wp-content\/uploads\/2016\/09\/x2.png\" alt=\"\" width=\"16.6\" height=\"20\" srcset=\"https:\/\/www.autohome-official.com\/wp-content\/uploads\/2016\/09\/x2.png 60w, https:\/\/www.autohome-official.com\/wp-content\/uploads\/2016\/09\/x2-39x50.png 39w\" sizes=\"(max-width: 60px) 100vw, 60px\" \/> ca. 180 kg<\/td>\n<td>130x110x30<\/td>\n<td>130x220x125<\/td>\n<td>ca. 250 l<\/td>\n<\/tr>\n<tr>\n<td>Air-Camping Medium<\/td>\n<td>ca. 63 kg<\/td>\n<td><img decoding=\"async\" class=\"size-full wp-image-26821 alignnone\" src=\"https:\/\/www.autohome-official.com\/wp-content\/uploads\/2016\/09\/x3.png\" alt=\"\" width=\"21.7\" height=\"20\" \/> ca. 230 kg<\/td>\n<td>160x110x30<\/td>\n<td>160x220x125<\/td>\n<td>ca. 300 l<\/td>\n<\/tr>\n<tr>\n<td>Air-Camping Large<\/td>\n<td>ca. 69 kg<\/td>\n<td><img decoding=\"async\" class=\"size-full wp-image-26821 alignnone\" src=\"https:\/\/www.autohome-official.com\/wp-content\/uploads\/2016\/09\/x4.png\" alt=\"\" width=\"27.3\" height=\"20\" \/> ca. 280 kg<\/td>\n<td>180x110x30<\/td>\n<td>180x220x125<\/td>\n<td>ca. 350 l<\/td>\n<\/tr>\n<tr class=\"tab-bgGray\">\n<td>Overland Small<\/td>\n<td>ca. 54 kg<\/td>\n<td><img decoding=\"async\" class=\"size-full wp-image-26821 alignnone\" src=\"https:\/\/www.autohome-official.com\/wp-content\/uploads\/2016\/09\/x2.png\" alt=\"\" width=\"16.6\" height=\"20\" srcset=\"https:\/\/www.autohome-official.com\/wp-content\/uploads\/2016\/09\/x2.png 60w, https:\/\/www.autohome-official.com\/wp-content\/uploads\/2016\/09\/x2-39x50.png 39w\" sizes=\"(max-width: 60px) 100vw, 60px\" \/> ca. 180 kg<\/td>\n<td>130x110x30<\/td>\n<td>130x220x125<\/td>\n<td>\/<\/td>\n<\/tr>\n<tr class=\"tab-bgGray\">\n<td>Overland Medium<\/td>\n<td>ca. 63 kg<\/td>\n<td><img decoding=\"async\" class=\"size-full wp-image-26821 alignnone\" src=\"https:\/\/www.autohome-official.com\/wp-content\/uploads\/2016\/09\/x3.png\" alt=\"\" width=\"21.7\" height=\"20\" \/> ca. 230 kg<\/td>\n<td>160x110x30<\/td>\n<td>160x220x125<\/td>\n<td>\/<\/td>\n<\/tr>\n<tr class=\"tab-bgGray\">\n<td>Overland Large<\/td>\n<td>ca. 69 kg<\/td>\n<td><img decoding=\"async\" class=\"size-full wp-image-26821 alignnone\" src=\"https:\/\/www.autohome-official.com\/wp-content\/uploads\/2016\/09\/x4.png\" alt=\"\" width=\"27.3\" height=\"20\" \/> ca. 280 kg<\/td>\n<td>180x110x30<\/td>\n<td>180x220x125<\/td>\n<td>\/<\/td>\n<\/tr>\n<tr>\n<td>Overzone Small<\/td>\n<td>ca. 56 kg<\/td>\n<td><img decoding=\"async\" class=\"size-full wp-image-26821 alignnone\" src=\"https:\/\/www.autohome-official.com\/wp-content\/uploads\/2016\/09\/x2.png\" alt=\"\" width=\"16.6\" height=\"20\" srcset=\"https:\/\/www.autohome-official.com\/wp-content\/uploads\/2016\/09\/x2.png 60w, https:\/\/www.autohome-official.com\/wp-content\/uploads\/2016\/09\/x2-39x50.png 39w\" sizes=\"(max-width: 60px) 100vw, 60px\" \/> ca. 180 kg<\/td>\n<td>130x110x30<\/td>\n<td>130x110x30<\/td>\n<td>\/<\/td>\n<\/tr>\n<tr>\n<td>Overzone Medium<\/td>\n<td>ca. 65 kg<\/td>\n<td><img decoding=\"async\" class=\"size-full wp-image-26821 alignnone\" src=\"https:\/\/www.autohome-official.com\/wp-content\/uploads\/2016\/09\/x3.png\" alt=\"\" width=\"21.7\" height=\"20\" \/> ca. 230 kg<\/td>\n<td>160x110x30<\/td>\n<td>160x220x125<\/td>\n<td>\/<\/td>\n<\/tr>\n<tr>\n<td>Overzone Large<\/td>\n<td>ca. 74 kg<\/td>\n<td><img decoding=\"async\" class=\"size-full wp-image-26821 alignnone\" src=\"https:\/\/www.autohome-official.com\/wp-content\/uploads\/2016\/09\/x4.png\" alt=\"\" width=\"27.3\" height=\"20\" \/> ca. 280 kg<\/td>\n<td>180x110x30<\/td>\n<td>180x220x125<\/td>\n<td>\/<\/td>\n<\/tr>\n<tr class=\"tab-bgGray\">\n<td>Overcamp Small<\/td>\n<td>ca. 54 kg<\/td>\n<td><img decoding=\"async\" class=\"size-full wp-image-26821 alignnone\" src=\"https:\/\/www.autohome-official.com\/wp-content\/uploads\/2016\/09\/x2.png\" alt=\"\" width=\"16.6\" height=\"20\" srcset=\"https:\/\/www.autohome-official.com\/wp-content\/uploads\/2016\/09\/x2.png 60w, https:\/\/www.autohome-official.com\/wp-content\/uploads\/2016\/09\/x2-39x50.png 39w\" sizes=\"(max-width: 60px) 100vw, 60px\" \/> ca. 230 kg<\/td>\n<td>65x200x30<\/td>\n<td>130x200x100<\/td>\n<td>\/<\/td>\n<\/tr>\n<tr class=\"tab-bgGray\">\n<td>Overcamp Medium<\/td>\n<td>ca. 66 kg<\/td>\n<td><img decoding=\"async\" class=\"size-full wp-image-26821 alignnone\" src=\"https:\/\/www.autohome-official.com\/wp-content\/uploads\/2016\/09\/x3.png\" alt=\"\" width=\"21.7\" height=\"20\" \/> ca. 280 kg<\/td>\n<td>180x110x30<\/td>\n<td>90x200x30<\/td>\n<td>\/<\/td>\n<\/tr>\n<\/tbody>\n<\/table>\n<p>[\/vc_column_text][\/vc_column][vc_column width=\u00a0\u00bb1\/4&Prime; el_class=\u00a0\u00bbmobileNoPadding\u00a0\u00bb offset=\u00a0\u00bbvc_hidden-sm vc_hidden-xs\u00a0\u00bb][vc_single_image image=\u00a0\u00bb25055&Prime; img_size=\u00a0\u00bbfull\u00a0\u00bb css=\u00a0\u00bb.vc_custom_1502898503081{padding-top: 31px !important;}\u00a0\u00bb][\/vc_column][\/vc_row][vc_row el_class=\u00a0\u00bbstory-skin-white row-90&Prime;][vc_column el_class=\u00a0\u00bbmobileNoPadding\u00a0\u00bb offset=\u00a0\u00bbvc_hidden-lg vc_hidden-md\u00a0\u00bb][vc_single_image image=\u00a0\u00bb25055&Prime; img_size=\u00a0\u00bbfull\u00a0\u00bb css=\u00a0\u00bb.vc_custom_1502898503081{padding-top: 31px !important;}\u00a0\u00bb][\/vc_column][\/vc_row][vc_row el_class=\u00a0\u00bbstory-skin-white row-90&Prime;][vc_column 0=\u00a0\u00bb\u00a0\u00bb][vc_column_text css=\u00a0\u00bb.vc_custom_1616054802540{border-top-width: 1px !important;padding-top: 30px !important;border-top-color: #595959 !important;border-top-style: solid !important;}\u00a0\u00bb]<strong>4. P\u00c9RIODE DE D\u00c9NONCIATION POUR L&rsquo;EXERCICE DE LA GARANTIE <\/strong><br \/>\nSi des d\u00e9fauts sont constat\u00e9s, le Client peut se pr\u00e9valoir des garanties l\u00e9gales suivantes : [\/vc_column_text][\/vc_column][\/vc_row][vc_row equal_height=\u00a0\u00bbyes\u00a0\u00bb el_class=\u00a0\u00bbstory-skin-white row-90&Prime; css=\u00a0\u00bb.vc_custom_1502886959198{padding-bottom: 20px !important;}\u00a0\u00bb][vc_column width=\u00a0\u00bb1\/3&Prime; css=\u00a0\u00bb.vc_custom_1587567946727{padding-right: 5% !important;}\u00a0\u00bb el_class=\u00a0\u00bbmobileNoPadding\u00a0\u00bb][vc_column_text]<strong>&#8211; Garantie l\u00e9gale du Client Consommateur <\/strong> pr\u00e9vue par le \u201cCode de la Consommation\u201d, D\u00e9cret L\u00e9gislatif 6 septembre 2005, n. 206 : le Consommateur, sous peine de d\u00e9ch\u00e9ance, est tenu de signaler au Vendeur tout d\u00e9faut de conformit\u00e9 constat\u00e9 dans le produit achet\u00e9 dans un d\u00e9lai de 2 (deux) mois \u00e0 compter de sa d\u00e9couverte, apr\u00e8s v\u00e9rification vis\u00e9e aux points suivants.[\/vc_column_text][\/vc_column][vc_column width=\u00a0\u00bb1\/3&Prime; css=\u00a0\u00bb.vc_custom_1587567950376{padding-right: 5% !important;}\u00a0\u00bb el_class=\u00a0\u00bbmobileNoPadding\u00a0\u00bb][vc_column_text]<strong>&#8211; Garantie l\u00e9gale pour le Client Non-Consommateur (Professionnel)<\/strong> pr\u00e9vue par le Code civil Italien: le Client Non-Consommateur, sous peine de confiscation, est tenu de signaler au Vendeur tout d\u00e9faut trouv\u00e9 dans le produit achet\u00e9 dans les 8 (huit) jours suivant la d\u00e9couverte. La garantie l\u00e9gale ci-dessus est valable pour une dur\u00e9e maximale de 12 (douze) mois \u00e0 compter de la livraison du Produit, sous r\u00e9serve des contr\u00f4les vis\u00e9s aux points suivants.<br \/>\nAu-del\u00e0 de ces conditions, le Vendeur ne sera pas responsable des d\u00e9fauts constat\u00e9s par le Client.[\/vc_column_text][\/vc_column][vc_column width=\u00a0\u00bb1\/3&Prime; el_class=\u00a0\u00bbmobileNoPadding\u00a0\u00bb][\/vc_column][\/vc_row][vc_row el_class=\u00a0\u00bbstory-skin-white row-90&Prime;][vc_column 0=\u00a0\u00bb\u00a0\u00bb][vc_column_text css=\u00a0\u00bb.vc_custom_1616056027150{border-top-width: 1px !important;padding-top: 30px !important;border-top-color: #595959 !important;border-top-style: solid !important;}\u00a0\u00bb]<strong>5. AUTORISATION DE RETOUR POUR L&rsquo;EXERCICE DU DROIT DE GARANTIE <\/strong><br \/>\n[\/vc_column_text][\/vc_column][\/vc_row][vc_row equal_height=\u00a0\u00bbyes\u00a0\u00bb el_class=\u00a0\u00bbstory-skin-white row-90&Prime; css=\u00a0\u00bb.vc_custom_1502886959198{padding-bottom: 20px !important;}\u00a0\u00bb][vc_column width=\u00a0\u00bb1\/3&Prime; css=\u00a0\u00bb.vc_custom_1587567946727{padding-right: 5% !important;}\u00a0\u00bb el_class=\u00a0\u00bbmobileNoPadding\u00a0\u00bb][vc_column_text]<\/p>\n<table class=\"table-invisible\">\n<tbody>\n<tr>\n<td class=\"ta-left\"><strong>5.1<\/strong><\/td>\n<td class=\"ta-left\">Le retour des marchandises sous garantie ne peut \u00eatre effectu\u00e9 qu\u2019apr\u00e8s:<br \/>\na) autorisation \u00e9crite du Fabricant si les marchandises sont destin\u00e9es au Si\u00e8ge de ce dernier;<br \/>\nb) autorisation \u00e9crite du Vendeur, si les marchandises sont destin\u00e9es au Si\u00e8ge du Vendeur.<\/td>\n<\/tr>\n<\/tbody>\n<\/table>\n<p>[\/vc_column_text][\/vc_column][vc_column width=\u00a0\u00bb1\/3&Prime; css=\u00a0\u00bb.vc_custom_1587567950376{padding-right: 5% !important;}\u00a0\u00bb el_class=\u00a0\u00bbmobileNoPadding\u00a0\u00bb][vc_column_text]<\/p>\n<table class=\"table-invisible\">\n<tbody>\n<tr>\n<td class=\"ta-left\"><strong>5.2<\/strong><\/td>\n<td class=\"ta-left\">Les retours ne sont pas accept\u00e9s sans autorisation \u00e9crite.<\/td>\n<\/tr>\n<\/tbody>\n<\/table>\n<p>[\/vc_column_text][\/vc_column][vc_column width=\u00a0\u00bb1\/3&Prime; el_class=\u00a0\u00bbmobileNoPadding\u00a0\u00bb][vc_column_text]<\/p>\n<table class=\"table-invisible\">\n<tbody>\n<tr>\n<td class=\"ta-left\"><strong>5.3<\/strong><\/td>\n<td class=\"ta-left\">Toute exp\u00e9dition en dehors des Conditions G\u00e9n\u00e9rales de Garantie sera support\u00e9e par le client.<br \/>\nEn tout \u00e9tat de cause, les garanties l\u00e9gales pr\u00e9vues par le Code civil et le Code de la consommation s&rsquo;appliquent \u00e0 la vente des Produits.<\/td>\n<\/tr>\n<\/tbody>\n<\/table>\n<p>[\/vc_column_text][\/vc_column][\/vc_row][vc_row el_class=\u00a0\u00bbstory-skin-white row-90&Prime;][vc_column 0=\u00a0\u00bb\u00a0\u00bb][vc_column_text css=\u00a0\u00bb.vc_custom_1616057044129{border-top-width: 1px !important;padding-top: 30px !important;border-top-color: #595959 !important;border-top-style: solid !important;}\u00a0\u00bb]<strong>6. CONDITIONNEMENT <\/strong>[\/vc_column_text][\/vc_column][\/vc_row][vc_row equal_height=\u00a0\u00bbyes\u00a0\u00bb el_class=\u00a0\u00bbstory-skin-white row-90&Prime; css=\u00a0\u00bb.vc_custom_1502886959198{padding-bottom: 20px !important;}\u00a0\u00bb][vc_column width=\u00a0\u00bb1\/3&Prime; css=\u00a0\u00bb.vc_custom_1587567946727{padding-right: 5% !important;}\u00a0\u00bb el_class=\u00a0\u00bbmobileNoPadding\u00a0\u00bb][vc_column_text]<\/p>\n<table class=\"table-invisible\">\n<tbody>\n<tr>\n<td class=\"ta-left\"><strong>6.1<\/strong><\/td>\n<td class=\"ta-left\">Le retour des marchandises doit \u00eatre effectu\u00e9 avec l&#8217;emballage d&rsquo;origine (bo\u00eete et protections relatives). Sinon, le Client proc\u00e9dera \u00e0 l&#8217;emballage ad\u00e9quat des marchandises seul et \u00e0 ses propres frais, en assumant toute responsabilit\u00e9 pour les dommages de transport.<\/td>\n<\/tr>\n<\/tbody>\n<\/table>\n<p>[\/vc_column_text][\/vc_column][vc_column width=\u00a0\u00bb1\/3&Prime; css=\u00a0\u00bb.vc_custom_1587567950376{padding-right: 5% !important;}\u00a0\u00bb el_class=\u00a0\u00bbmobileNoPadding\u00a0\u00bb][vc_column_text]<\/p>\n<table class=\"table-invisible\">\n<tbody>\n<tr>\n<td class=\"ta-left\"><strong>6.2<\/strong><\/td>\n<td class=\"ta-left\">Le fabricant ou le Vendeur peut, sur demande, fournir l&#8217;emballage d&rsquo;origine.<\/td>\n<\/tr>\n<\/tbody>\n<\/table>\n<p>[\/vc_column_text][\/vc_column][vc_column width=\u00a0\u00bb1\/3&Prime; el_class=\u00a0\u00bbmobileNoPadding\u00a0\u00bb][vc_column_text]<\/p>\n<table class=\"table-invisible\">\n<tbody>\n<tr>\n<td class=\"ta-left\"><strong>6.3<\/strong><\/td>\n<td class=\"ta-left\">Le Client peut \u00e9galement retourner les marchandises seul au Point de Vente o\u00f9 il a effectu\u00e9 l&rsquo;achat ou directement au Fabricant.<\/td>\n<\/tr>\n<\/tbody>\n<\/table>\n<p>[\/vc_column_text][\/vc_column][\/vc_row][vc_row el_class=\u00a0\u00bbstory-skin-white row-90&Prime;][vc_column 0=\u00a0\u00bb\u00a0\u00bb][vc_column_text css=\u00a0\u00bb.vc_custom_1616058391850{border-top-width: 1px !important;padding-top: 30px !important;border-top-color: #595959 !important;border-top-style: solid !important;}\u00a0\u00bb]<strong>7. TRANSPORT ET CONDITIONNEMENT <\/strong><br \/>\nTout produit est conditionn\u00e9 et emball\u00e9 dans une bo\u00eete en carton robuste avec des protections internes.[\/vc_column_text][\/vc_column][\/vc_row][vc_row el_class=\u00a0\u00bbstory-skin-white row-90&Prime;][vc_column width=\u00a0\u00bb2\/3&Prime; css=\u00a0\u00bb.vc_custom_1589554483336{padding-right: 5% !important;}\u00a0\u00bb el_class=\u00a0\u00bbmobileNoPadding\u00a0\u00bb][vc_column_text 0=\u00a0\u00bb\u00a0\u00bb css=\u00a0\u00bb.vc_custom_1616058455200{background-color: #dadada !important;}\u00a0\u00bb]<\/p>\n<table class=\"table-invisible\">\n<tbody>\n<tr>\n<td class=\"ta-left\"><strong>7.1<\/strong><\/td>\n<td class=\"ta-left\">Avant la mainlev\u00e9e des marchandises \u00e0 destination, v\u00e9rifier que l&#8217;emballage est intact, s&rsquo;il est alt\u00e9r\u00e9, les colis manquants (bo\u00eetes en carton endommag\u00e9es) doivent \u00eatre d\u00e9clar\u00e9s et d\u00e9nonc\u00e9s sur les documents de transport, en faisant contresigner les annotations par le transporteur pour accus\u00e9 de r\u00e9ception ou, en tout \u00e9tat de cause, d\u00fbment d\u00e9nonc\u00e9s dans le jour suivant la livraison.<\/td>\n<\/tr>\n<tr>\n<td class=\"ta-left\"><strong>7.2<\/strong><\/td>\n<td class=\"ta-left\">De cette fa\u00e7on, l&rsquo;assurance remboursera tout dommage, sinon la perte sera celle du client. Les rapports en retard ou les rapports ne sont pas accept\u00e9s.<\/td>\n<\/tr>\n<\/tbody>\n<\/table>\n<p>[\/vc_column_text][\/vc_column][vc_column width=\u00a0\u00bb1\/3&Prime; css=\u00a0\u00bb.vc_custom_1589554475563{padding-right: 5% !important;}\u00a0\u00bb el_class=\u00a0\u00bbmobileNoPadding\u00a0\u00bb offset=\u00a0\u00bbvc_hidden-sm vc_hidden-xs\u00a0\u00bb][vc_single_image image=\u00a0\u00bb25092&Prime; img_size=\u00a0\u00bbfull\u00a0\u00bb][\/vc_column][\/vc_row][vc_row el_class=\u00a0\u00bbstory-skin-white row-90&Prime;][vc_column css=\u00a0\u00bb.vc_custom_1587657589256{padding-right: 5% !important;}\u00a0\u00bb el_class=\u00a0\u00bbmobileNoPadding\u00a0\u00bb offset=\u00a0\u00bbvc_hidden-lg vc_hidden-md\u00a0\u00bb][vc_single_image image=\u00a0\u00bb25092&Prime; img_size=\u00a0\u00bbfull\u00a0\u00bb][\/vc_column][\/vc_row][vc_row el_class=\u00a0\u00bbstory-skin-white row-90&Prime;][vc_column 0=\u00a0\u00bb\u00a0\u00bb][vc_column_text css=\u00a0\u00bb.vc_custom_1616593643030{border-top-width: 1px !important;padding-top: 30px !important;border-top-color: #595959 !important;border-top-style: solid !important;}\u00a0\u00bb]<strong>8. RETOUR GARANTIE POUR PRODUIT D\u00c9FECTUEUX <\/strong><br \/>\n<strong><u>8.1 Le fabricant autorise le retour car il reconna\u00eet le produit d\u00e9fectueux.<\/u><\/strong>[\/vc_column_text][\/vc_column][\/vc_row][vc_row equal_height=\u00a0\u00bbyes\u00a0\u00bb el_class=\u00a0\u00bbstory-skin-white row-90&Prime; css=\u00a0\u00bb.vc_custom_1502886959198{padding-bottom: 20px !important;}\u00a0\u00bb][vc_column width=\u00a0\u00bb1\/3&Prime; css=\u00a0\u00bb.vc_custom_1587567946727{padding-right: 5% !important;}\u00a0\u00bb el_class=\u00a0\u00bbmobileNoPadding\u00a0\u00bb][vc_column_text]<strong>A &#8211; Marchandises achet\u00e9es au point de vente <\/strong><br \/>\nSi le Fabricant \u00e0 travers la documentation envoy\u00e9e (photos et notes) constate le d\u00e9faut reproch\u00e9, le client est tenu, \u00e0 ses frais, de retourner le produit d\u00e9fectueux au point de vente o\u00f9 il a effectu\u00e9 l\u2019achat avec l&#8217;emballage d&rsquo;origine et les protections int\u00e9rieures en polystyr\u00e8ne, ou \u00e9quivalent ; le Constructeur prendra les dispositions n\u00e9cessaires pour la collecte des marchandises \u00e0 ce point de vente pour un kilom\u00e9trage limit\u00e9 par voie terrestre (Max 1000 km).<br \/>\nDans le cas o\u00f9 le Client n&rsquo;est pas en possession de l&#8217;emballage d&rsquo;origine, il peut le demander au Vendeur ou au Fabricant, qui le fournira gratuitement, y compris les protections internes, au point de vente.<br \/>\nLe Fabricant, apr\u00e8s avoir constat\u00e9 et reconnu le d\u00e9faut du produit, r\u00e9parera le produit ou le remplacera dans un d\u00e9lai raisonnable et, en tout \u00e9tat de cause, dans les 45 jours suivant la r\u00e9ception du produit, le renvoyant, \u00e0 ses propres frais, au point de vente.[\/vc_column_text][\/vc_column][vc_column width=\u00a0\u00bb1\/3&Prime; css=\u00a0\u00bb.vc_custom_1587567950376{padding-right: 5% !important;}\u00a0\u00bb el_class=\u00a0\u00bbmobileNoPadding\u00a0\u00bb][vc_column_text]<strong>B &#8211; Marchandises achet\u00e9es en ligne: shop.autohome-official.com <\/strong><br \/>\nSi le Fabricant par le biais de la documentation envoy\u00e9e (photos et notes) constate le d\u00e9faut all\u00e9gu\u00e9, le client doit exp\u00e9dier la marchandise avec l&#8217;emballage d&rsquo;origine et les protections int\u00e9rieures en polystyr\u00e8ne, ou l&rsquo;\u00e9quivalent et tous les frais de transport seront \u00e0 la charge du Fabricant.<br \/>\nDans le cas o\u00f9 le Client n&rsquo;est pas en possession de l&#8217;emballage d&rsquo;origine, il peut le demander au Fabricant qui le fournira gratuitement, y compris les protections internes.<br \/>\nLe Fabricant, apr\u00e8s avoir constat\u00e9 et reconnu le d\u00e9faut du produit, r\u00e9parera le produit ou le remplacera dans un d\u00e9lai raisonnable et, en tout \u00e9tat de cause, dans les 45 jours suivant la r\u00e9ception du produit, en retournant le produit, \u00e0 ses propres frais, directement au Client.[\/vc_column_text][\/vc_column][vc_column width=\u00a0\u00bb1\/3&Prime; el_class=\u00a0\u00bbmobileNoPadding\u00a0\u00bb][vc_column_text]<strong>Dans les deux cas (A, B) <\/strong><br \/>\nnous d\u00e9clinons toute responsabilit\u00e9 en cas d&#8217;emballage incorrect ou inad\u00e9quat. Les remboursements pour d&rsquo;autres d\u00e9penses et\/ou indemnit\u00e9s sont exclus.[\/vc_column_text][\/vc_column][\/vc_row][vc_row el_class=\u00a0\u00bbstory-skin-white row-90&Prime;][vc_column 0=\u00a0\u00bb\u00a0\u00bb][vc_column_text css=\u00a0\u00bb.vc_custom_1616593657273{border-top-width: 1px !important;padding-top: 30px !important;border-top-color: #595959 !important;border-top-style: solid !important;}\u00a0\u00bb]<strong>9. RETOUR POUR V\u00c9RIFICATION DU FONCTIONNEMENT DE LA GARANTIE <\/strong><br \/>\n<strong><u>9.1 Le Fabricant doit v\u00e9rifier le d\u00e9faut<\/u><\/strong>[\/vc_column_text][\/vc_column][\/vc_row][vc_row equal_height=\u00a0\u00bbyes\u00a0\u00bb el_class=\u00a0\u00bbstory-skin-white row-90&Prime; css=\u00a0\u00bb.vc_custom_1502886959198{padding-bottom: 20px !important;}\u00a0\u00bb][vc_column width=\u00a0\u00bb1\/3&Prime; css=\u00a0\u00bb.vc_custom_1587567946727{padding-right: 5% !important;}\u00a0\u00bb el_class=\u00a0\u00bbmobileNoPadding\u00a0\u00bb][vc_column_text]<strong>A &#8211; Marchandises achet\u00e9es au point de vente <\/strong><br \/>\nSi la documentation fournie (photos et annotations) n&rsquo;est pas suffisante pour \u00e9tablir la responsabilit\u00e9 de la r\u00e9clamation, le Client est tenu d&rsquo;avancer tous les frais de transport.<br \/>\nLe Client est toujours tenu de retourner le produit avec l&#8217;emballage d&rsquo;origine et les protections int\u00e9rieures, ou l&rsquo;\u00e9quivalent, \u00e0 ses propres frais, au point de vente o\u00f9 il a effectu\u00e9 l\u2019achat qui prendra soin de la livraison au Fabricant.<br \/>\nDans le cas o\u00f9 le Client n&rsquo;est pas en possession de l&#8217;emballage d&rsquo;origine, il peut le demander au Fabricant, ou au Vendeur, en anticipant tous les co\u00fbts d&#8217;emballage et de transport.<br \/>\nDans le cas o\u00f9 le Constructeur constaterait le d\u00e9faut, il r\u00e9parera les marchandises \u00e0 ses propres frais, ou les remplacera dans un d\u00e9lai raisonnable et en tout \u00e9tat de cause dans les 45 jours suivant la r\u00e9ception, en retournant les marchandises au point de vente, en remboursant au client les frais de transport encourus pour un kilom\u00e9trage limit\u00e9 par voie terrestre (Max 1000 Km) et tous les frais d&#8217;emballage avanc\u00e9s.[\/vc_column_text][\/vc_column][vc_column width=\u00a0\u00bb1\/3&Prime; css=\u00a0\u00bb.vc_custom_1587567950376{padding-right: 5% !important;}\u00a0\u00bb el_class=\u00a0\u00bbmobileNoPadding\u00a0\u00bb][vc_column_text]<strong>B &#8211; Marchandises achet\u00e9es en ligne: shop.autohome-official.com <\/strong><br \/>\nDans le cas o\u00f9 la documentation fournie (photos et annotations) n&rsquo;est pas suffisante pour \u00e9tablir la responsabilit\u00e9 de ce qui est r\u00e9clam\u00e9 c&rsquo;est-\u00e0-dire si le d\u00e9faut n&rsquo;est pas couvert par la garantie, le Client est tenu d&rsquo;avancer tous les frais de transport.<br \/>\nLe client est toujours tenu de retourner le produit avec l&#8217;emballage d&rsquo;origine et les protections int\u00e9rieures en polystyr\u00e8ne, ou l&rsquo;\u00e9quivalent, \u00e0 ses propres frais.<br \/>\nDans le cas o\u00f9 le Client n&rsquo;est pas en possession de l&#8217;emballage d&rsquo;origine, il peut le demander au Fabricant, en anticipant tous les co\u00fbts d&#8217;emballage et de transport.<br \/>\nDans l&rsquo;hypoth\u00e8se o\u00f9 le Constructeur constaterait le d\u00e9faut, il r\u00e9parera le bien ou le remplacera dans un d\u00e9lai raisonnable et en tout \u00e9tat de cause dans les 45 jours suivant sa r\u00e9ception, rendra le bien au Client et remboursera au Client les frais de transport et les \u00e9ventuels frais d&#8217;emballage anticip\u00e9s.[\/vc_column_text][\/vc_column][vc_column width=\u00a0\u00bb1\/3&Prime; el_class=\u00a0\u00bbmobileNoPadding\u00a0\u00bb][vc_column_text]<strong>Dans les deux cas (A, B) <\/strong><br \/>\nnous d\u00e9clinons toute responsabilit\u00e9 en cas d&#8217;emballage incorrect ou inad\u00e9quat.<br \/>\nLes remboursements pour d&rsquo;autres d\u00e9penses et\/ou indemnit\u00e9s sont exclus.<br \/>\nSi les d\u00e9fauts d\u00e9nonc\u00e9s ne sont pas couverts par la Garantie, l&rsquo;\u00e9tendue et la commodit\u00e9 de la r\u00e9paration seront \u00e9valu\u00e9es, communiqu\u00e9es au client, qui autorisera l\u2019intervention en supportant tous les co\u00fbts et frais de transport[\/vc_column_text][\/vc_column][\/vc_row][vc_row el_class=\u00a0\u00bbstory-skin-white row-90&Prime;][vc_column 0=\u00a0\u00bb\u00a0\u00bb][vc_column_text css=\u00a0\u00bb.vc_custom_1616063141655{border-top-width: 1px !important;padding-top: 30px !important;border-top-color: #595959 !important;border-top-style: solid !important;}\u00a0\u00bb]<\/p>\n<p><strong>10. RETRAIT DU DROIT DE R\u00c9EXAMEN <\/strong><br \/>\n[\/vc_column_text][\/vc_column][\/vc_row][vc_row equal_height=\u00a0\u00bbyes\u00a0\u00bb el_class=\u00a0\u00bbstory-skin-white row-90&Prime; css=\u00a0\u00bb.vc_custom_1502886959198{padding-bottom: 20px !important;}\u00a0\u00bb][vc_column width=\u00a0\u00bb1\/3&Prime; css=\u00a0\u00bb.vc_custom_1587567946727{padding-right: 5% !important;}\u00a0\u00bb el_class=\u00a0\u00bbmobileNoPadding\u00a0\u00bb][vc_column_text]<\/p>\n<table class=\"table-invisible\">\n<tbody>\n<tr>\n<td class=\"ta-left\"><strong>10.1<\/strong><\/td>\n<td class=\"ta-left\">Dans les 14 jours suivant la r\u00e9ception de la marchandise, le Client peut se retirer de l&rsquo;achat.<\/td>\n<\/tr>\n<tr>\n<td class=\"ta-left\"><strong>10.2<\/strong><\/td>\n<td class=\"ta-left\">Le Client restituera le Produit intact dans son emballage d&rsquo;origine, et tous les frais d&rsquo;exp\u00e9dition de la marchandise seront \u00e0 la charge du Client.<\/td>\n<\/tr>\n<\/tbody>\n<\/table>\n<p>[\/vc_column_text][\/vc_column][vc_column width=\u00a0\u00bb1\/3&Prime; css=\u00a0\u00bb.vc_custom_1587567950376{padding-right: 5% !important;}\u00a0\u00bb el_class=\u00a0\u00bbmobileNoPadding\u00a0\u00bb][vc_column_text]<\/p>\n<table class=\"table-invisible\">\n<tbody>\n<tr>\n<td class=\"ta-left\"><strong>10.3<\/strong><\/td>\n<td class=\"ta-left\">Les retraits de marchandises usag\u00e9es ne sont pas accept\u00e9s<\/td>\n<\/tr>\n<tr>\n<td class=\"ta-left\"><strong>10.4<\/strong><\/td>\n<td class=\"ta-left\">D\u00e8s l&rsquo;avis de retrait et de r\u00e9ception des marchandises, le vendeur et\/ou le fabricant remboursera au client le prix pay\u00e9 pour la vente.<\/td>\n<\/tr>\n<\/tbody>\n<\/table>\n<p>[\/vc_column_text][\/vc_column][vc_column width=\u00a0\u00bb1\/3&Prime; el_class=\u00a0\u00bbmobileNoPadding\u00a0\u00bb][vc_column_text]<\/p>\n<table class=\"table-invisible\">\n<tbody>\n<tr>\n<td class=\"ta-left\"><strong>10.5<\/strong><\/td>\n<td class=\"ta-left\">En cas de conversion de devises, le vendeur et\/ou le fabricant ne sont pas responsables de la diff\u00e9rence entre la valeur du paiement initial et la valeur du remboursement correspondant ; les risques li\u00e9s au taux de change et les diff\u00e9rences de valeur dues \u00e0 la fluctuation du taux de change de la transaction incombent uniquement et exclusivement au client.<\/td>\n<\/tr>\n<\/tbody>\n<\/table>\n<p>[\/vc_column_text][\/vc_column][\/vc_row][vc_row el_class=\u00a0\u00bbstory-skin-white row-90&Prime;][vc_column 0=\u00a0\u00bb\u00a0\u00bb][vc_column_text css=\u00a0\u00bb.vc_custom_1616074687674{border-top-width: 1px !important;padding-top: 30px !important;border-top-color: #595959 !important;border-top-style: solid !important;}\u00a0\u00bb][\/vc_column_text][\/vc_column][\/vc_row][vc_row equal_height=\u00a0\u00bbyes\u00a0\u00bb el_class=\u00a0\u00bbstory-skin-white row-90&Prime; css=\u00a0\u00bb.vc_custom_1502886959198{padding-bottom: 20px !important;}\u00a0\u00bb][vc_column width=\u00a0\u00bb1\/3&Prime; css=\u00a0\u00bb.vc_custom_1587567946727{padding-right: 5% !important;}\u00a0\u00bb el_class=\u00a0\u00bbmobileNoPadding\u00a0\u00bb][vc_single_image image=\u00a0\u00bb25045&Prime; img_size=\u00a0\u00bbfull\u00a0\u00bb][vc_column_text]<strong>11. AVERTISSEMENTS IMPORTANTS POUR L&rsquo;UTILISATION DU PRODUIT<\/strong><\/p>\n<table class=\"table-invisible\">\n<tbody>\n<tr>\n<td class=\"ta-left\"><strong>11.1<\/strong><\/td>\n<td class=\"ta-left\">Tout \u00e9l\u00e9ment charg\u00e9 sur le toit du v\u00e9hicule alt\u00e8re la conduite normale du v\u00e9hicule; il est, par cons\u00e9quent n\u00e9cessaire de r\u00e9duire la vitesse de fa\u00e7on opportune.<\/td>\n<\/tr>\n<tr>\n<td class=\"ta-left\"><strong>11.2<\/strong><\/td>\n<td class=\"ta-left\">Il faut en outre tenir compter de la qualit\u00e9 des routes, de l&rsquo;intensit\u00e9 de la circulation et des conditions climatiques;<\/td>\n<\/tr>\n<tr>\n<td class=\"ta-left\"><strong>11.3<\/strong><\/td>\n<td class=\"ta-left\">La production des tentes \u00e0 coque Autohome est r\u00e9alis\u00e9e artisanalement gr\u00e2ce \u00e0 l&rsquo;utilisation de techniques manuelles m\u00e9ticuleuses, ce qui peut expliquer une \u00e9ventuelle diff\u00e9rence de poids d&rsquo;environ 10%.<br \/>\nNous recommandons pour autant de consid\u00e9rer cet aspect afin de calculer la charge transportable et de tenir compte du poids de la galerie et de tous les objets qui pourraient se trouver \u00e0 l&rsquo;int\u00e9rieur de la tente (\u00e9chelle, accessoires et autres effets personnels).<br \/>\nNe pas d\u00e9passer le chargement maximum sur le toit du v\u00e9hicule admis par le fabricant.<\/td>\n<\/tr>\n<tr>\n<td class=\"ta-left\"><strong>11.4<\/strong><\/td>\n<td class=\"ta-left\">Fermer la tente parfaitement et toujours contr\u00f4ler, avant le voyage, que le chargement soit correctement fix\u00e9.<\/td>\n<\/tr>\n<\/tbody>\n<\/table>\n<p>[\/vc_column_text][\/vc_column][vc_column width=\u00a0\u00bb1\/3&Prime; css=\u00a0\u00bb.vc_custom_1587567950376{padding-right: 5% !important;}\u00a0\u00bb el_class=\u00a0\u00bbmobileNoPadding\u00a0\u00bb][vc_column_text]<\/p>\n<table class=\"table-invisible\">\n<tbody>\n<tr>\n<td class=\"ta-left\"><strong>11.5<\/strong><\/td>\n<td class=\"ta-left\">Cette m\u00eame op\u00e9ration doit \u00eatre \u00e0 nouveau effectu\u00e9e pendant les petites pauses que vous ferez au cours du voyage.<\/td>\n<\/tr>\n<tr>\n<td class=\"ta-left\"><strong>11.6<\/strong><\/td>\n<td class=\"ta-left\">Nous vous recommandons de pr\u00eater la plus grande attention quant au transport de bagages suppl\u00e9mentaires concernant les mod\u00e8les de tentes pr\u00e9vus \u00e0 cet effet: il faut tenir compte de la port\u00e9e du v\u00e9hicule, de la galerie ainsi que de la charge totale autoris\u00e9e transport\u00e9e Veillez \u00e0 ne pas d\u00e9passer le chargement indiqu\u00e9 sur le livret du v\u00e9hicule.<br \/>\nAttention \u00e0 ne pas d\u00e9passer la charge maximum autoris\u00e9e indiqu\u00e9e sur les papiers du v\u00e9hicule.<br \/>\nNous vous conseillons, \u00e0 ce sujet, une lecture attentive du livret d\u2019instructions techniques ou d\u2019\u00e9crire pour de plus amples informations \u00e0: info@autohome.it.<br \/>\nLe Fabricant d\u00e9cline toute responsabilit\u00e9 en cas d&rsquo;accidents imputables \u00e0 une utilisation impropre, \u00e0 un mauvais entretien ou en cas de non-respect des instructions g\u00e9n\u00e9rales indiqu\u00e9es sur le livret livr\u00e9 avec le produit.<\/td>\n<\/tr>\n<tr>\n<td class=\"ta-left\"><strong>11.3<\/strong><\/td>\n<td class=\"ta-left\">La production des tentes \u00e0 coque Autohome est r\u00e9alis\u00e9e artisanalement gr\u00e2ce \u00e0 l&rsquo;utilisation de techniques manuelles m\u00e9ticuleuses, ce qui peut expliquer une \u00e9ventuelle diff\u00e9rence de poids d&rsquo;environ 10%.<br \/>\nNous recommandons pour autant de consid\u00e9rer cet aspect afin de calculer la charge transportable et de tenir compte du poids de la galerie et de tous les objets qui pourraient se trouver \u00e0 l&rsquo;int\u00e9rieur de la tente (\u00e9chelle, accessoires et autres effets personnels).<br \/>\nNe pas d\u00e9passer le chargement maximum sur le toit du v\u00e9hicule admis par le fabricant.<\/td>\n<\/tr>\n<\/tbody>\n<\/table>\n<p>[\/vc_column_text][\/vc_column][vc_column width=\u00a0\u00bb1\/3&Prime; el_class=\u00a0\u00bbmobileNoPadding\u00a0\u00bb][vc_column_text]<strong>Nous recommandons en outre:<\/strong><\/p>\n<table class=\"table-invisible\">\n<tbody>\n<tr>\n<td class=\"ta-left\"><strong>11.7<\/strong><\/td>\n<td class=\"ta-left\">De ne pas laisser d&rsquo;enfants seuls dans une tente sans surveillance.<\/td>\n<\/tr>\n<tr>\n<td class=\"ta-left\"><strong>11.8<\/strong><\/td>\n<td class=\"ta-left\">De pr\u00eater attention aux hauteurs admises dans les passages souterrains, les parkings couverts et tous les obstacles tels que : barri\u00e8res, panneaux routiers et publicitaires, rochers en saillie, plantes etc. qui, en emp\u00eachant le passage du v\u00e9hicule, pourraient heurter la tente et l&rsquo;endommager.<\/td>\n<\/tr>\n<tr>\n<td class=\"ta-left\"><strong>11.9<\/strong><\/td>\n<td class=\"ta-left\">Avant de laver votre v\u00e9hicule muni de la tente dans un lavage automatique \u00e0 rouleaux, veiller \u00e0 ce que ce dernier soit en mesure d\u2019effectuer cette op\u00e9ration.<\/td>\n<\/tr>\n<tr>\n<td class=\"ta-left\"><strong>11.10<\/strong><\/td>\n<td class=\"ta-left\">Ne pas transporter d&rsquo;objets inflammables ou dangereux \u00e0 l&rsquo;int\u00e9rieur de tente.<\/td>\n<\/tr>\n<tr>\n<td class=\"ta-left\"><strong>11.11<\/strong><\/td>\n<td class=\"ta-left\">\u00c9viter de s\u2019arr\u00eater et\/ou de camper dans des endroits \u00e0 forts risques environnementaux et\/ou en cas de ph\u00e9nom\u00e8nes atmosph\u00e9riques extraordinaires (typhons, ouragans, inondations, alluvions, \u00e9boulement etc.).<\/td>\n<\/tr>\n<tr>\n<td class=\"ta-left\"><strong>11.12<\/strong><\/td>\n<td class=\"ta-left\">Maximum de prudence dans les voyages off-road et dans les raids extr\u00eames.<\/td>\n<\/tr>\n<\/tbody>\n<\/table>\n<p>[\/vc_column_text][\/vc_column][\/vc_row][vc_row el_class=\u00a0\u00bbstory-skin-white row-90&Prime;][vc_column 0=\u00a0\u00bb\u00a0\u00bb][vc_column_text css=\u00a0\u00bb.vc_custom_1616161062895{border-top-width: 1px !important;padding-top: 30px !important;border-top-color: #595959 !important;border-top-style: solid !important;}\u00a0\u00bb]<strong>12. CONSEILS D\u2019UTILISATION <\/strong><br \/>\nNous vous invitons \u00e0 lire avec attention les instructions et les r\u00e8gles d\u2019utilisation et d\u2019entretien, livr\u00e9es avec chaque produit. Veuillez trouver ci-dessous les conseils suivants:[\/vc_column_text][\/vc_column][\/vc_row][vc_row equal_height=\u00a0\u00bbyes\u00a0\u00bb el_class=\u00a0\u00bbstory-skin-white row-90&Prime; css=\u00a0\u00bb.vc_custom_1502886959198{padding-bottom: 20px !important;}\u00a0\u00bb][vc_column width=\u00a0\u00bb1\/3&Prime; css=\u00a0\u00bb.vc_custom_1587567946727{padding-right: 5% !important;}\u00a0\u00bb el_class=\u00a0\u00bbmobileNoPadding\u00a0\u00bb][vc_column_text]<\/p>\n<table class=\"table-invisible\">\n<tbody>\n<tr>\n<td class=\"ta-left\"><strong>12.1 <\/strong><\/td>\n<td class=\"ta-left\">Les MOUSTIQUAIRES hautement r\u00e9sistantes (fibre de verre souple) doivent \u00eatre utilis\u00e9es avec attention : ne jamais les tirer ni les heurter violemment. Une pression trop importante pourrait entra\u00eener des lac\u00e9rations et des d\u00e9cousures. Les ruptures, \u00e9tant imputables \u00e0 des manipulations erron\u00e9es, sont exclues de la garantie.<br \/>\n<strong><u>Le producteur ne peut pas \u00eatre consid\u00e9r\u00e9e responsable en cas de rupture de moustiquaire.<\/u><\/strong><\/td>\n<\/tr>\n<tr>\n<td class=\"ta-left\"><strong>12.2 <\/strong><\/td>\n<td class=\"ta-left\">Les FERMETURES \u00e0 \u00e9clair doivent \u00eatre entretenues et nous conseillons un nettoyage soigneux r\u00e9guli\u00e8rement, faites toujours preuve de la plus grande prudence pour ne pas provoquer de d\u00e9chirures ou d&rsquo;endommager le tissu. Pr\u00eater attention \u00e0 ne pas d\u00e9chirer ni endommager le tissu. Afin de garantir un bon fonctionnement des fermetures \u00e9clair, nous vous conseillons d\u2019utiliser un spray lubrifiant, du savon ou de la cire (quelle qu\u2019elle soit).<br \/>\n<strong><u>Le producteur ne peut pas \u00eatre consid\u00e9r\u00e9e responsable en cas de rupture de fermeture \u00e9clair.<\/u><\/strong><\/td>\n<\/tr>\n<tr>\n<td class=\"ta-left\"><strong>12.3 <\/strong><\/td>\n<td class=\"ta-left\">Ne pas forcer ni tirer violemment les cordons d\u2019ouverture des fen\u00eatres ou tout autre \u00e9lastique pr\u00e9vus dans certains mod\u00e8les de tentes. Le producteur ne peut pas \u00eatre consid\u00e9r\u00e9e responsable en cas de rupture de cordon ou d&rsquo;\u00e9lastique.<\/td>\n<\/tr>\n<\/tbody>\n<\/table>\n<p>[\/vc_column_text][\/vc_column][vc_column width=\u00a0\u00bb1\/3&Prime; css=\u00a0\u00bb.vc_custom_1587567950376{padding-right: 5% !important;}\u00a0\u00bb el_class=\u00a0\u00bbmobileNoPadding\u00a0\u00bb][vc_column_text]<\/p>\n<table class=\"table-invisible\">\n<tbody>\n<tr>\n<td class=\"ta-left\"><strong>12.4 <\/strong><\/td>\n<td class=\"ta-left\">En cas de vents violents, refermer les tendelets, la cabine vestiaire et tout autre accessoire susceptible de laisser le vent s&rsquo;y engouffrer.<br \/>\nEn cas de fortes pluies, veiller \u00e0 \u00e9liminer toute \u00e9ventuelle flaque d&rsquo;eau pr\u00e9sente sur le toit. Le poids de ces flaques d&rsquo;eau pourrait d\u00e9former et ab\u00eemer les montants de soutien. Il en est de m\u00eame pour les auvents qui, bien qu&rsquo;ayant de robustes montants ind\u00e9pendants, sont eux-aussi des structures provisoires supportant difficilement les conditions atmosph\u00e9riques extraordinaires. Nous recommandons pour autant de replier et de ne pas utiliser ces accessoires en cas de conditions m\u00e9t\u00e9o d\u00e9favorables.<br \/>\n<strong><u>Le producteur ne peut pas \u00eatre consid\u00e9r\u00e9e responsable en cas de rupture.<\/u><\/strong><\/td>\n<\/tr>\n<tr>\n<td class=\"ta-left\"><strong>12.5 <\/strong><\/td>\n<td class=\"ta-left\">Contr\u00f4ler et d\u00e9blayer le cas \u00e9ch\u00e9ant la neige en exc\u00e8s, le givre ou l\u2019eau qui pourraient se d\u00e9poser sur le toit de la tente, ainsi que d\u2019\u00e9ventuels excr\u00e9ments d\u2019animaux ou de r\u00e9sines v\u00e9g\u00e9tales (dans ce cas, nettoyer le tissu en douceur).<\/td>\n<\/tr>\n<tr>\n<td class=\"ta-left\"><strong>12.6 <\/strong><\/td>\n<td class=\"ta-left\">S\u2019assurer au cours de l\u2019ouverture et de la fermeture de la tente de toit qu\u2019il n\u2019y ait aucun coussin, couverture, duvet ou effets personnels qui pourraient entraver l\u2019op\u00e9ration.<br \/>\n<strong><u>Le producteur ne peut pas \u00eatre consid\u00e9r\u00e9e responsable en cas de d\u00e9formation de la coque.<\/u><\/strong><\/td>\n<\/tr>\n<tr>\n<td class=\"ta-left\"><strong>12.3 <\/strong><\/td>\n<td class=\"ta-left\">Ne pas forcer ni tirer violemment les cordons d\u2019ouverture des fen\u00eatres ou tout autre \u00e9lastique pr\u00e9vus dans certains mod\u00e8les de tentes. Le producteur ne peut pas \u00eatre consid\u00e9r\u00e9e responsable en cas de rupture de cordon ou d&rsquo;\u00e9lastique.<\/td>\n<\/tr>\n<\/tbody>\n<\/table>\n<p>[\/vc_column_text][\/vc_column][vc_column width=\u00a0\u00bb1\/3&Prime; el_class=\u00a0\u00bbmobileNoPadding\u00a0\u00bb][vc_column_text]<\/p>\n<table class=\"table-invisible\">\n<tbody>\n<tr>\n<td class=\"ta-left\"><strong>12.7 <\/strong><\/td>\n<td class=\"ta-left\">Dans les mod\u00e8les Maggiolina et Columbus, le serrage des crochets (fermetures externes en m\u00e9tal) est r\u00e9glable ; il est conseill\u00e9 de ne pas trop les serrer.<\/td>\n<\/tr>\n<tr>\n<td class=\"ta-left\"><strong>12.8 <\/strong><\/td>\n<td class=\"ta-left\">Eviter de circuler avec la tente ouverte.<\/td>\n<\/tr>\n<tr>\n<td class=\"ta-left\"><strong>12.9 <\/strong><\/td>\n<td class=\"ta-left\">Avant d\u2019utiliser la manivelle, toujours veiller \u00e0 ce que les crochets de fermeture de la coque soient ouverts ; sans la manivelle, la coque ne peut ni s\u2019ouvrir ni se fermer.<\/td>\n<\/tr>\n<tr>\n<td class=\"ta-left\"><strong>12.10 <\/strong><\/td>\n<td class=\"ta-left\">Dans les mod\u00e8les de tentes \u00e0 ressorts \u00e0 gaz, s\u2019assurer, avant de refermer la tente, que le c\u00e2ble soit parfaitement perpendiculaire ; la corde doit \u00eatre tendue vers le bas (ne pas tirer ni amener la corde en position lat\u00e9rale ou oblique), puisque la d\u00e9formation anomale de la coque sup\u00e9rieure pourrait d\u00e9terminer la rupture du profil de finissage de couleur argent dans la partie ant\u00e9rieure de la coque.<\/td>\n<\/tr>\n<tr>\n<td class=\"ta-left\"><strong>12.11 <\/strong><\/td>\n<td class=\"ta-left\">Pour ce qui est des mod\u00e8les en tissu et afin d\u2019obtenir une isolation optimale durant le voyage (pour \u00e9viter toute infiltration d\u2019eau, de sable etc..) il faut que l\u2019\u00e9lastique soit bien tir\u00e9 et que le Pvc de la capote adh\u00e8re parfaitement \u00e0 la base de la tente.<\/td>\n<\/tr>\n<tr>\n<td class=\"ta-left\"><strong>12.12 <\/strong><\/td>\n<td class=\"ta-left\">Dans la s\u00e9rie Overzone, avant de proc\u00e9der \u00e0 la fermeture de la tente il faut bloquer le support en saillie en desserrant les syst\u00e8mes de blocage internes. Dans le cas contraire, le tissu situ\u00e9 pr\u00e8s des clous pourrait se lac\u00e9rer (voir d\u00e9tails sur le livret d\u2019instruction joint au produit).<\/td>\n<\/tr>\n<\/tbody>\n<\/table>\n<p>[\/vc_column_text][\/vc_column][\/vc_row][vc_row el_class=\u00a0\u00bbstory-skin-white row-90&Prime;][vc_column 0=\u00a0\u00bb\u00a0\u00bb][vc_column_text css=\u00a0\u00bb.vc_custom_1616082046678{border-top-width: 1px !important;padding-top: 30px !important;border-top-color: #595959 !important;border-top-style: solid !important;}\u00a0\u00bb]<strong>13. COQUES EN FIBRE DE VERRE <\/strong><br \/>\n[\/vc_column_text][\/vc_column][\/vc_row][vc_row equal_height=\u00a0\u00bbyes\u00a0\u00bb el_class=\u00a0\u00bbstory-skin-white row-90&Prime;][vc_column width=\u00a0\u00bb1\/3&Prime; css=\u00a0\u00bb.vc_custom_1587567965073{padding-right: 5% !important;}\u00a0\u00bb el_class=\u00a0\u00bbmobileNoPadding\u00a0\u00bb][vc_column_text]Les coques sont r\u00e9alis\u00e9es selon une technique artisanale tr\u00e8s soign\u00e9e, offrant ainsi une garantie maximale : une structure de qualit\u00e9, compacte et stable dans le temps, en aucun cas comparable au plastique utilis\u00e9 couramment ou produits similaires pr\u00e9sents sur le march\u00e9.<\/p>\n<table class=\"table-invisible\">\n<tbody>\n<tr>\n<td class=\"ta-left\"><strong>13.1<\/strong><\/td>\n<td class=\"ta-left\">Les r\u00e9sultats de laboratoire ont eux aussi d\u00e9montr\u00e9 la grande \u00e9lasticit\u00e9 de la fibre et l&rsquo;extraordinaire r\u00e9silience du gelcoat et de la couleur ; n\u00e9anmoins, la couleur \u00e9tant un composant superficiel plus rigide par rapport \u00e0 la fibre, il est important d&rsquo;\u00e9viter de heurter, plier ou d\u00e9former le produit de fa\u00e7on anormale. Cela pourrait en effet g\u00e9n\u00e9rer des microfissures superficielles de la couleur que le Fabriquant ne reconnait pas au niveau de la Garantie.<\/td>\n<\/tr>\n<tr>\n<td class=\"ta-left\"><strong>13.2<\/strong><\/td>\n<td class=\"ta-left\">Les microfissures superficielles et les mouchetures de couleur, ne sont qu&rsquo;un probl\u00e8me esth\u00e9tique qui ne compromet en aucun cas la fonctionnalit\u00e9 du produit, ne g\u00e9n\u00e8re aucune infiltration d&rsquo;eau, de poussi\u00e8re ou autre ; il est simple de les repeindre.<\/td>\n<\/tr>\n<tr>\n<td class=\"ta-left\"><strong>13.3<\/strong><\/td>\n<td class=\"ta-left\"><strong>Au cours de toute manipulation des tentes \u00e0 coque, il est important de pr\u00eater la plus grande attention. Il est important de ne pas forcer, d\u00e9former ni plier la coque sup\u00e9rieure et de faire tr\u00e8s attention aux c\u00f4t\u00e9s et aux bords.<\/strong><\/td>\n<\/tr>\n<tr>\n<td class=\"ta-left\"><strong>13.4<\/strong><\/td>\n<td class=\"ta-left\">Ne pas heurter violemment les coques. Ne pas trainer les coques par terre sans protection.<\/td>\n<\/tr>\n<tr>\n<td class=\"ta-left\"><strong>13.5<\/strong><\/td>\n<td class=\"ta-left\">Ne pas transporter la tente en la prenant par les bords du toit mais utiliser les poign\u00e9es pr\u00e9vues \u00e0 cet effet ou les prises situ\u00e9es sous la base.<\/td>\n<\/tr>\n<tr>\n<td class=\"ta-left\"><strong>13.6<\/strong><\/td>\n<td class=\"ta-left\">Durant la phase de fermeture de la tente, lorsque le tissu est repli\u00e9 \u00e0 l&rsquo;int\u00e9rieur des coques, ne pas soulever ni d\u00e9former le bord du toit : cela pourrait en effet g\u00e9n\u00e9rer des microfissures superficielles sur la peinture.<\/td>\n<\/tr>\n<\/tbody>\n<\/table>\n<p>[\/vc_column_text][\/vc_column][vc_column width=\u00a0\u00bb1\/3&Prime; css=\u00a0\u00bb.vc_custom_1587567968211{padding-right: 5% !important;}\u00a0\u00bb el_class=\u00a0\u00bbmobileNoPadding\u00a0\u00bb][vc_column_text 0=\u00a0\u00bb\u00a0\u00bb]<\/p>\n<table class=\"table-invisible\">\n<tbody>\n<tr>\n<td class=\"ta-left\"><strong>\u00a013.7<\/strong><\/td>\n<td class=\"ta-left\">Ne pas s&rsquo;agripper de tout son poids sur le bord du toit lorsque l&rsquo;on monte sur l\u2019\u00e9chelle: une telle sollicitation sur la coque pourrait en effet provoquer des microfissures superficielles.<\/td>\n<\/tr>\n<tr>\n<td class=\"ta-left\"><strong>13.8<\/strong><\/td>\n<td class=\"ta-left\">Ranger l&rsquo;\u00e9chelle \u00e0 l&rsquo;int\u00e9rieur des coques en suivant les instructions mentionn\u00e9es sur le livret d&rsquo;instructions et manutention livr\u00e9 avec la tente. Il est par exemple d\u00e9conseill\u00e9 de poser l&rsquo;\u00e9chelle au-dessus des couettes et des couvertures si elles sont trop volumineuses car l&rsquo;exc\u00e8s de volume pourrait endommager la partie inf\u00e9rieure du toit ou la fibre de verre.<\/td>\n<\/tr>\n<tr>\n<td class=\"ta-left\"><strong>13.9<\/strong><\/td>\n<td class=\"ta-left\">S\u2019assurer au cours de l\u2019ouverture et de la fermeture de la tente de toit qu\u2019il n\u2019y ait aucun coussin, couverture, duvet ou effets personnels qui pourraient entraver l\u2019op\u00e9ration.<\/td>\n<\/tr>\n<tr>\n<td class=\"ta-left\"><strong>13.10<\/strong><\/td>\n<td class=\"ta-left\">En outre, au cours de son utilisation, m\u00eame les mouvements des occupants peuvent d\u00e9former la coque, cr\u00e9ant ainsi des fissures superficielles localis\u00e9es sur la peinture, visibles \u00e0 l&rsquo;\u0153il nu.<\/td>\n<\/tr>\n<tr>\n<td class=\"ta-left\"><strong>13.11<\/strong><\/td>\n<td class=\"ta-left\">Pour refermer les tentes dot\u00e9es d&rsquo;un syst\u00e8me de ressorts \u00e0 gaz, ne manipulez pas directement la coque mais suivez scrupuleusement les indications que vous trouverez sur le livret d&rsquo;instructions et manutention. Une pression excessive sur la coque au mauvais endroit ou un pliage excessif du bord effectu\u00e9 manuellement pourraient engendrer des microfissures sur la surface.<\/td>\n<\/tr>\n<tr>\n<td class=\"ta-left\"><strong>13.12<\/strong><\/td>\n<td class=\"ta-left\">Les microfissures sont, dans la plupart des cas, imputables \u00e0 une utilisation impropre ou \u00e0 des causes accidentelles; elles ne sont pas imputables \u00e0 des d\u00e9fauts de fabrication et ne font en aucun cas partie de la garantie du produit.<\/td>\n<\/tr>\n<\/tbody>\n<\/table>\n<p>[\/vc_column_text][\/vc_column][vc_column width=\u00a0\u00bb1\/3&Prime; el_class=\u00a0\u00bbmobileNoPadding\u00a0\u00bb][vc_column_text 0=\u00a0\u00bb\u00a0\u00bb]<\/p>\n<table class=\"table-invisible\">\n<tbody>\n<tr>\n<td class=\"ta-left\"><strong>13.13<\/strong><\/td>\n<td class=\"ta-left\">Concernant le stockage de la tente, il est conseill\u00e9 de prot\u00e9ger la tente \u00e0 coque afin d&rsquo;\u00e9viter que la fibre de verre ne se raye, en utilisant par exemple des cartons, du polystyr\u00e8ne, de la mousse ou de la moquette. Ne pas retourner la tente mais la poser sur ses bases.<\/td>\n<\/tr>\n<\/tbody>\n<\/table>\n<p>[\/vc_column_text][vc_single_image image=\u00a0\u00bb25059&Prime; img_size=\u00a0\u00bbfull\u00a0\u00bb css=\u00a0\u00bb.vc_custom_1502889080117{padding-top: 10px !important;}\u00a0\u00bb][\/vc_column][\/vc_row][vc_row equal_height=\u00a0\u00bbyes\u00a0\u00bb el_class=\u00a0\u00bbstory-skin-white row-90&Prime;][vc_column el_class=\u00a0\u00bbmobileNoPadding\u00a0\u00bb offset=\u00a0\u00bbvc_hidden-lg vc_hidden-md\u00a0\u00bb][vc_column_text 0=\u00a0\u00bb\u00a0\u00bb]<\/p>\n<table class=\"table-invisible\">\n<tbody>\n<tr>\n<td class=\"ta-left\"><strong>13.13<\/strong><\/td>\n<td class=\"ta-left\">Concernant le stockage de la tente, il est conseill\u00e9 de prot\u00e9ger la tente \u00e0 coque afin d&rsquo;\u00e9viter que la fibre de verre ne se raye, en utilisant par exemple des cartons, du polystyr\u00e8ne, de la mousse ou de la moquette. Ne pas retourner la tente mais la poser sur ses bases.<\/td>\n<\/tr>\n<\/tbody>\n<\/table>\n<p>[\/vc_column_text][vc_single_image image=\u00a0\u00bb25059&Prime; img_size=\u00a0\u00bbfull\u00a0\u00bb css=\u00a0\u00bb.vc_custom_1502889080117{padding-top: 10px !important;}\u00a0\u00bb][\/vc_column][\/vc_row][vc_row el_class=\u00a0\u00bbstory-skin-white row-90&Prime;][vc_column 0=\u00a0\u00bb\u00a0\u00bb][vc_column_text css=\u00a0\u00bb.vc_custom_1616082936406{border-top-width: 1px !important;padding-top: 30px !important;border-top-color: #595959 !important;border-top-style: solid !important;}\u00a0\u00bb]<strong>SOUS-TOIT VENTILE COMME DANS LE CAS DE PLUS PRESTIGIEUX GRENIERS<\/strong>[\/vc_column_text][\/vc_column][\/vc_row][vc_row equal_height=\u00a0\u00bbyes\u00a0\u00bb el_class=\u00a0\u00bbstory-skin-white row-90&Prime;][vc_column width=\u00a0\u00bb1\/3&Prime; css=\u00a0\u00bb.vc_custom_1587567965073{padding-right: 5% !important;}\u00a0\u00bb el_class=\u00a0\u00bbmobileNoPadding\u00a0\u00bb][vc_column_text]<\/p>\n<table class=\"table-invisible\">\n<tbody>\n<tr>\n<td class=\"ta-left\"><strong>1<\/strong><\/td>\n<td class=\"ta-left\">Le sous-toit de toute la s\u00e9rie de tentes \u00e0 coques pr\u00e9sente un interstice r\u00e9alise par un panneau alv\u00e9olaire fr\u00e9quemment interrompu afin de compenser les dilatations \u00e0 la suite des changements de temp\u00e9rature.<br \/>\nLe toit ne change pas ses caract\u00e9ristiques, de -20\u00b0C \u00e0 +50\u00b0C.<\/td>\n<\/tr>\n<\/tbody>\n<\/table>\n<p>[\/vc_column_text][\/vc_column][vc_column width=\u00a0\u00bb1\/3&Prime; css=\u00a0\u00bb.vc_custom_1587567968211{padding-right: 5% !important;}\u00a0\u00bb el_class=\u00a0\u00bbmobileNoPadding\u00a0\u00bb][vc_column_text 0=\u00a0\u00bb\u00a0\u00bb]<\/p>\n<table class=\"table-invisible\">\n<tbody>\n<tr>\n<td class=\"ta-left\"><strong>2<\/strong><\/td>\n<td class=\"ta-left\">La sp\u00e9cificit\u00e9 d\u2019un tel panneau est qu\u2019il gonfle afin de permettre le passage d\u2019air \u00e0 l\u2019int\u00e9rieur.<\/td>\n<\/tr>\n<tr>\n<td class=\"ta-left\"><strong>3<\/strong><\/td>\n<td class=\"ta-left\">En outre, il y a des trous sur le panneau pour permettre aux gaz de condensation de s&rsquo;\u00e9chapper. Le tout de mani\u00e8re naturelle pour avoir un toit enti\u00e8rement ventil\u00e9.<\/td>\n<\/tr>\n<\/tbody>\n<\/table>\n<p>[\/vc_column_text][\/vc_column][vc_column width=\u00a0\u00bb1\/3&Prime; el_class=\u00a0\u00bbmobileNoPadding\u00a0\u00bb][vc_column_text 0=\u00a0\u00bb\u00a0\u00bb]<\/p>\n<table class=\"table-invisible\">\n<tbody>\n<tr>\n<td class=\"ta-left\"><strong>4<\/strong><\/td>\n<td class=\"ta-left\">La mousse de 5 mm d\u2019\u00e9paisseur pr\u00e9dispos\u00e9e pr\u00e9sente des espaces ouverts et au niveau de certains points elle semble tout \u00e0 fait d\u00e9tach\u00e9e : il ne s\u2019agit pas d\u2019un d\u00e9faut mais d\u2019une caract\u00e9ristique pr\u00e9vue afin de favoriser la circulation de l\u2019air. Une ambiance saine qui n\u2019est garantie que par Autohome.<\/td>\n<\/tr>\n<\/tbody>\n<\/table>\n<p>[\/vc_column_text][\/vc_column][\/vc_row][vc_row el_class=\u00a0\u00bbstory-skin-white row-90&Prime;][vc_column 0=\u00a0\u00bb\u00a0\u00bb css=\u00a0\u00bb.vc_custom_1605279539057{border-top-width: 1px !important;padding-top: 30px !important;border-top-color: #595959 !important;border-top-style: solid !important;}\u00a0\u00bb][\/vc_column][\/vc_row][vc_row equal_height=\u00a0\u00bbyes\u00a0\u00bb el_class=\u00a0\u00bbstory-skin-white row-90&Prime;][vc_column css=\u00a0\u00bb.vc_custom_1587657531673{padding-right: 5% !important;}\u00a0\u00bb el_class=\u00a0\u00bbmobileNoPadding\u00a0\u00bb offset=\u00a0\u00bbvc_hidden-lg vc_hidden-md\u00a0\u00bb][vc_single_image image=\u00a0\u00bb25070&Prime; img_size=\u00a0\u00bbfull\u00a0\u00bb][\/vc_column][\/vc_row][vc_row equal_height=\u00a0\u00bbyes\u00a0\u00bb el_class=\u00a0\u00bbstory-skin-white row-90&Prime;][vc_column width=\u00a0\u00bb1\/3&Prime; css=\u00a0\u00bb.vc_custom_1587657540233{padding-right: 5% !important;}\u00a0\u00bb el_class=\u00a0\u00bbmobileNoPadding\u00a0\u00bb offset=\u00a0\u00bbvc_hidden-sm vc_hidden-xs\u00a0\u00bb][vc_single_image image=\u00a0\u00bb25070&Prime; img_size=\u00a0\u00bbfull\u00a0\u00bb][\/vc_column][vc_column width=\u00a0\u00bb2\/3&Prime;][vc_column_text 0=\u00a0\u00bb\u00a0\u00bb]<strong>CARACT\u00c9RISTIQUES DES TISSUS<\/strong>[\/vc_column_text][vc_row_inner 0=\u00a0\u00bb\u00a0\u00bb][vc_column_inner el_class=\u00a0\u00bbmobileNoPadding\u00a0\u00bb width=\u00a0\u00bb1\/2&Prime; css=\u00a0\u00bb.vc_custom_1587567990274{padding-right: 5% !important;}\u00a0\u00bb][vc_column_text 0=\u00a0\u00bb\u00a0\u00bb]Les tissus Autohome sont fabriqu\u00e9s en Europe par les meilleures usines. Chacun d&rsquo;entre eux est soumis \u00e0 de s\u00e9v\u00e8res normes en mati\u00e8re de qualit\u00e9 et tous diff\u00e8rent en fonction des caract\u00e9ristiques du produit final. Ils garantissent en cas de pluie une colonne d&rsquo;eau minimum de 250 mm pour un tissu pos\u00e9 \u00e0 la verticale et de 600 mm pour le toit: il s&rsquo;agit de valeurs certifi\u00e9es selon les Test UNI EN 20811. L&rsquo;\u00e9tanch\u00e9it\u00e9 est garantie en utilisant le capuchon hivernal (accessoire sur demande) qui, limitant la transpirabilit\u00e9, isole l&rsquo;habitacle contre le froid. Le Capuchon Hivernal doit \u00eatre utilis\u00e9 lorsque le taux d\u2019humidit\u00e9 environnemental est consid\u00e9rable et lorsque les temp\u00e9ratures externes sont inf\u00e9rieures \u00e0 10 degr\u00e9s. A l\u2019aide de cet accessoire, l\u2019int\u00e9rieur de la tente reste sec et isol\u00e9. Il est pr\u00e9f\u00e9rable de garantir une bonne circulation de l\u2019air \u00e0 travers l\u2019ouverture de la tente.<br \/>\nTous les tissus, et en particulier les tissus Over\/Land-Camp-Zone, atteignent la colonne d&rsquo;eau d\u00e9clar\u00e9e apr\u00e8s quelques expositions \u00e0 la pluie.[\/vc_column_text][\/vc_column_inner][vc_column_inner el_class=\u00a0\u00bbmobileNoPadding\u00a0\u00bb width=\u00a0\u00bb1\/2&Prime;][vc_column_text 0=\u00a0\u00bb\u00a0\u00bb]Dans une tente neuve, les fibres des tissus sont s\u00e8ches et ne sont pas encore dilat\u00e9es; elles ne sont donc pas encore hydrofuges et il en est de m\u00eame pour les coutures. Dans une tente neuve, les fibres des tissus sont s\u00e8ches et ne sont pas encore dilat\u00e9es; elles ne sont donc pas encore hydrofuges et il en est de m\u00eame pour les coutures. Plus le tissu se mouille et plus il devient imperm\u00e9able; la ros\u00e9e nocturne, l&rsquo;humidit\u00e9 de l&rsquo;air ainsi que les poussi\u00e8res atmosph\u00e9riques font dilater les fibres du tissu et obturent les trous des coutures. La condensation, un autre ph\u00e9nom\u00e8ne naturel techniquement in\u00e9vitable, est contrast\u00e9 par le tissu et par le haut degr\u00e9 de la vitesse de transmission de la vapeur d\u2019eau vers l\u2019ext\u00e9rieur. En cas de n&rsquo;importe quels changements de temp\u00e9rature et une augmentation substantielle de la condensation naturelle sous la tente, ce probl\u00e8me peut \u00eatre seulement r\u00e9duit en permettant un courant d&rsquo;air constant sous la tente. Nous conseillons de ne pas utiliser n&rsquo;importe quels appareils comme des ventilateurs, des d\u00e9shumidificateurs ou des autres appareils commercialement fournis.[\/vc_column_text][\/vc_column_inner][\/vc_row_inner][\/vc_column][\/vc_row][vc_row equal_height=\u00a0\u00bbyes\u00a0\u00bb el_class=\u00a0\u00bbstory-skin-white row-90&Prime; css=\u00a0\u00bb.vc_custom_1502889644581{padding-bottom: 0px !important;}\u00a0\u00bb][vc_column css=\u00a0\u00bb.vc_custom_1587568020124{padding-right: 5% !important;}\u00a0\u00bb el_class=\u00a0\u00bbmobileNoPadding\u00a0\u00bb][vc_column_text 0=\u00a0\u00bb\u00a0\u00bb]<strong>COLONNE D\u2019EAU : EXPLICATIONS<\/strong>[\/vc_column_text][\/vc_column][vc_column width=\u00a0\u00bb2\/3&Prime; css=\u00a0\u00bb.vc_custom_1587568024632{padding-right: 5% !important;}\u00a0\u00bb el_class=\u00a0\u00bbmobileNoPadding\u00a0\u00bb][vc_column_text 0=\u00a0\u00bb\u00a0\u00bb]La colonne d\u2019eau, exprim\u00e9e en millim\u00e8tres, indique la pression support\u00e9e par le tissu avant que l\u2019eau ne s\u2019infiltre. Il s\u2019agit d\u2019une valeur indiquant la r\u00e9sistance de p\u00e9n\u00e9tration de l\u2019eau dans une tente, une toile, un v\u00eatement etc. Par cons\u00e9quent, plus la colonne d\u2019eau est \u00e9lev\u00e9e, plus l\u2019imperm\u00e9abilit\u00e9 augmente. Attention: Une imperm\u00e9abilit\u00e9 trop \u00e9lev\u00e9e entra\u00eene un pouvoir de transpirabilit\u00e9 plus faible. Dans une tente en PVC ou en nylon, l\u2019eau ne passe pas mais d\u00e8s lors que l\u2019on commence \u00e0 bouger \u00e0 l\u2019int\u00e9rieur de la tente ou apr\u00e8s quelques heures de sommeil, ses occupants commencent \u00e0 transpirer, se retrouvant vite tremp\u00e9s; situation qui empire si la temp\u00e9rature externe est basse. Imaginez par exemple de dormir ou de s\u00e9journer dans une benne de camion: bien qu\u2019ayant toutes les prises d\u2019air ou ouvertures, vous ne pourrez en aucun cas y respirer \u00e0 pleins poumons ni avoir un environnement sain. La vitesse d\u2019\u00e9mission de la vapeur d\u2019eau ou de la condensation corporelle est \u00e9galement un facteur important \u00e0 ne pas oublier. Pour conclure, un tissu tr\u00e8s imperm\u00e9able, de hautes colonnes d\u2019eau et de basses valeurs d\u2019\u00e9mission de vapeur d\u2019eau sont autant de caract\u00e9ristiques pouvant s\u2019adapter \u00e0 une toile de camion, \u00e0 une vieille toile d\u2019auvent, \u00e0 un sac \u00e0 dos, \u00e0 une housse de roue ou \u00e0 toute autre application o\u00f9 le facteur transpirabilit\u00e9 est insignifiant.[\/vc_column_text][\/vc_column][vc_column width=\u00a0\u00bb1\/3&Prime; el_class=\u00a0\u00bbmobileNoPadding\u00a0\u00bb][vc_single_image image=\u00a0\u00bb25088&Prime; img_size=\u00a0\u00bbfull\u00a0\u00bb alignment=\u00a0\u00bbcenter\u00a0\u00bb][\/vc_column][\/vc_row][vc_row el_class=\u00a0\u00bbstory-skin-white row-90&Prime;][vc_column 0=\u00a0\u00bb\u00a0\u00bb][vc_column_text css=\u00a0\u00bb.vc_custom_1616149026983{border-top-width: 1px !important;padding-top: 30px !important;border-top-color: #595959 !important;border-top-style: solid !important;}\u00a0\u00bb]<\/p>\n<p><strong>14. ENTRETIEN <\/strong><\/p>\n<p>[\/vc_column_text][\/vc_column][\/vc_row][vc_row el_class=\u00a0\u00bbstory-skin-white row-90&Prime;][vc_column width=\u00a0\u00bb1\/3&Prime; css=\u00a0\u00bb.vc_custom_1587568038461{padding-right: 5% !important;}\u00a0\u00bb el_class=\u00a0\u00bbmobileNoPadding\u00a0\u00bb][vc_column_text]Les tissus doivent \u00eatre nettoy\u00e9s \u00e0 l&rsquo;aide de produits non agressifs (utiliser une \u00e9ponge souple et \u00e9viter de frotter le tissu de fa\u00e7on excessive).<br \/>\nLe savon de Marseille dilu\u00e9 dans beaucoup d\u2019eau est par exemple tr\u00e8s appropri\u00e9.<br \/>\nPour garder un tissu en parfait \u00e9tat il est indispensable de le nettoyer r\u00e9guli\u00e8rement. Il est d\u00e9conseill\u00e9 de laisser un tissu sale pendant longtemps afin d\u2019\u00e9viter que la salet\u00e9 ne soit absorb\u00e9e par le tissu entra\u00eenant ainsi des d\u00e9g\u00e2ts permanents. Nettoyer le tissu toujours en douceur.<br \/>\nUn nettoyage r\u00e9gulier et l&rsquo;application r\u00e9guli\u00e8re d&rsquo;une couche de protection avec un produit de pulv\u00e9risation de silicone sont essentiels pour maintenir les fermetures en aluminium en parfait \u00e9tat. Ne laissez pas les fermetures sales pendant longtemps, afin d&rsquo;\u00e9viter les saisies et la d\u00e9t\u00e9rioration de ses composants.<br \/>\nPr\u00eater une particuli\u00e8re attention au sable, surtout s\u2019il s\u2019agit du sable Australien qui, \u00e9tant particuli\u00e8rement fin (comme du talc) s\u2019accroche aux tissus. Il est dans ce cas recommand\u00e9 de l\u2019aspirer manuellement avant de proc\u00e9der au nettoyage \u00e0 l\u2019eau et au savon neutre.[\/vc_column_text][\/vc_column][vc_column width=\u00a0\u00bb1\/3&Prime; css=\u00a0\u00bb.vc_custom_1587568041880{padding-right: 5% !important;}\u00a0\u00bb el_class=\u00a0\u00bbmobileNoPadding\u00a0\u00bb][vc_column_text 0=\u00a0\u00bb\u00a0\u00bb]Les coutures, pr\u00e9sentes sur le toit des grandes v\u00e9randas, en d\u00e9tail : Les coutures pr\u00e9sentes sur le toit des grands Auvents, en particulier sur les Overland Large et sur tous les Auvents Overcamp, doivent imp\u00e9rativement \u00eatre trait\u00e9es \u00e0 l\u2019aide de paraffine liquide ou de spray imperm\u00e9abilisant de qualit\u00e9. Ce n\u2019est que de cette fa\u00e7on qu\u2019il vous sera possible d\u2019affronter les conditions m\u00e9t\u00e9o les plus extr\u00eames. Pour toute information ou demande de produits ad\u00e9quats, adressez-vous \u00e0 votre commer\u00e7ant de confiance.<br \/>\nLe nettoyage du polyester\/fibre de verre peut \u00eatre effectu\u00e9 \u00e0 l\u2019aide de d\u00e9tergents professionnels en moyenne alcalins et \u00e0 base d&rsquo;eau, en essayant d&rsquo;\u00e9viter les produits excessivement agressifs. Il est pr\u00e9f\u00e9rable d&rsquo;\u00eatre prudent m\u00eame si vous voulez utiliser des produits \u00e0 base de solvants car la fibre de verre pourrait \u00eatre attaqu\u00e9e.<br \/>\nToutes \u00e9ventuelles \u00e9gratignures, opacit\u00e9 ou autre du polyester\/fibre de verre peuvent \u00eatre facilement \u00e9limin\u00e9es par un carrossier (traiter localement la surface avec de l\u2019eau et du papier abrasif tr\u00e8s fin ou de la p\u00e2te abrasive)[\/vc_column_text][\/vc_column][vc_column width=\u00a0\u00bb1\/3&Prime; el_class=\u00a0\u00bbmobileNoPadding\u00a0\u00bb][vc_column_text 0=\u00a0\u00bb\u00a0\u00bb]Pour conserver l\u2019aspect brillant des coques, il est conseill\u00e9 d\u2019appliquer au moins 2 fois par saison une cire de protection (celle utilis\u00e9e pour les voitures). Si cette application n\u2019est pas effectu\u00e9e, il est possible que la couleur devienne opaque partout; vous pourrez y rem\u00e9dier en la faisant cirer par un carrossier. Concernant la couleur des coques, le blanc, contrairement au vert, au gris fonc\u00e9 et au noir, est beaucoup plus r\u00e9sistant au soleil et aux agents atmosph\u00e9riques.<\/p>\n<table class=\"table-invisible\">\n<tbody>\n<tr>\n<td class=\"ta-left\"><strong>14.1<\/strong><\/td>\n<td class=\"ta-left\">Avant de ranger le mat\u00e9riel pour l&rsquo;hiver, il est conseill\u00e9 d&rsquo;enlever le matelas et les coussins et de lubrifier toutes les parties m\u00e9talliques avec un peu d&rsquo;huile. Il en est de m\u00eame pour tous les \u00e9crous, les boulons, les pi\u00e8ces li\u00e9es au syst\u00e8me d&rsquo;ouverture de la tente et les crochets ext\u00e9rieurs de fermeture des coques qui doivent \u00eatre r\u00e9guli\u00e8rement lubrifi\u00e9s.<\/td>\n<\/tr>\n<tr>\n<td class=\"ta-left\"><strong>14.2<\/strong><\/td>\n<td class=\"ta-left\">Vous pouvez ranger la tente en position verticale ou \u00e0 plat en mettant la base de la tente par terre; ne pas poser de poids excessifs sur les coques.<\/td>\n<\/tr>\n<tr>\n<td class=\"ta-left\"><strong>14.3<\/strong><\/td>\n<td class=\"ta-left\">Avant d&rsquo;enlever la tente du toit de l&rsquo;auto, nous recommandons de toujours d\u00e9crocher la tente des barres de la galerie pour faciliter l&rsquo;op\u00e9ration de d\u00e9montage.<\/td>\n<\/tr>\n<tr>\n<td class=\"ta-left\"><strong>14.4<\/strong><\/td>\n<td class=\"ta-left\">Ne pas enlever la tente avec les barres de la galerie car la carrosserie pourrait \u00eatre heurt\u00e9e ou \u00e9gratign\u00e9e.<\/td>\n<\/tr>\n<tr>\n<td class=\"ta-left\"><strong>14.5<\/strong><\/td>\n<td class=\"ta-left\">Ranger la tente dans un lieu sec.<\/td>\n<\/tr>\n<\/tbody>\n<\/table>\n<p>[\/vc_column_text][\/vc_column][\/vc_row][vc_row el_class=\u00a0\u00bbstory-skin-white row-90&Prime;][vc_column 0=\u00a0\u00bb\u00a0\u00bb][vc_column_text css=\u00a0\u00bb.vc_custom_1616149151920{border-top-width: 1px !important;padding-top: 30px !important;border-top-color: #595959 !important;border-top-style: solid !important;}\u00a0\u00bb]<strong>INFORMATIONS G\u00c9N\u00c9RALES<\/strong>[\/vc_column_text][\/vc_column][\/vc_row][vc_row el_class=\u00a0\u00bbstory-skin-white row-90&Prime;][vc_column 0=\u00a0\u00bb\u00a0\u00bb][vc_column_text 0=\u00a0\u00bb\u00a0\u00bb]Toutes les informations indiqu\u00e9es dans notre site Internet n\u2019engagent en rien la soci\u00e9t\u00e9 Autohome.<br \/>\nToutes les donn\u00e9es techniques, les coloris, les poids, les dimensions, ne sont donn\u00e9es qu\u2019\u00e0 titre indicatif; le Fabricant se r\u00e9serve le droit de modifier les produits du point de vue technique, de la fabrication et de l\u2019esth\u00e9tique, sans aucun pr\u00e9avis.<br \/>\nLe poids est sujet \u00e0 d\u2019\u00e9ventuelles variations car il s\u2019agit d\u2019un travail fait \u00e0 la main. La marge de tol\u00e9rance de fabrication est de l\u2019ordre de 10%.<br \/>\nLes \u00e9ventuelles r\u00e9parations sont effectu\u00e9es d\u2019habitude directement par le Fabricant, durant la p\u00e9riode pr\u00e9c\u00e9dant la saison (Octobre-Janvier), nous vous demandons pour autant de bien vouloir en tenir compte. En cas de conflit inh\u00e9rent au contrat de fourniture, \u00e0 la marchandise, ou aux d\u00e9g\u00e2ts caus\u00e9s par le produit, le seul tribunal comp\u00e9tent est celui de Mantoue Italie.[\/vc_column_text][\/vc_column][\/vc_row][vc_row el_class=\u00a0\u00bbstory-skin-white row-90&Prime;][vc_column 0=\u00a0\u00bb\u00a0\u00bb][vc_empty_space height=\u00a0\u00bb30px\u00a0\u00bb][\/vc_column][\/vc_row]<\/p>\n","protected":false},"excerpt":{"rendered":"<p>[vc_row el_class=\u00a0\u00bbstory-skin-white\u00a0\u00bb css=\u00a0\u00bb.vc_custom_1484733083631{padding-top: 78px !important;}\u00a0\u00bb][vc_column][\/vc_column][\/vc_row][vc_row el_class=\u00a0\u00bbstory-skin-white row-90&Prime;][vc_column width=\u00a0\u00bb2\/3&Prime;][vc_column_text] GARANTIE WARRANTY UP TO 2\/5 YEARS. [\/vc_column_text][\/vc_column][vc_column width=\u00a0\u00bb1\/3&Prime;][vc_empty_space height=\u00a0\u00bb35px\u00a0\u00bb][vc_btn title=\u00a0\u00bbENREGISTREMENT DE GARANTIE\u00a0\u00bb style=\u00a0\u00bbflat\u00a0\u00bb shape=\u00a0\u00bbsquare\u00a0\u00bb color=\u00a0\u00bbdanger\u00a0\u00bb align=\u00a0\u00bbright\u00a0\u00bb link=\u00a0\u00bburl:http%3A%2F%2Fwww.autohome-official.com%2Ffr%2Fenregistrement-de-garantie%2F|||\u00a0\u00bb][\/vc_column][vc_column][vc_separator color=\u00a0\u00bbblack\u00a0\u00bb][\/vc_column][\/vc_row][vc_row<span class=\"excerpt-hellip\"> [\u2026]<\/span><\/p>\n","protected":false},"author":4,"featured_media":0,"parent":0,"menu_order":0,"comment_status":"closed","ping_status":"closed","template":"","meta":{"footnotes":""},"class_list":["post-54700","page","type-page","status-publish","hentry"],"yoast_head":"<!-- This site is optimized with the Yoast SEO Premium plugin v23.7 (Yoast SEO v23.7) - https:\/\/yoast.com\/wordpress\/plugins\/seo\/ -->\n<title>GARANTIE_new - Autohome Official<\/title>\n<meta name=\"description\" content=\"GARANTIE WARRANTY UP TO 2\/5 YEARS. Chacun des articles fabriqu\u00e9s par Autohome a \u00e9t\u00e9 \u00e9tudi\u00e9 dans les moindres d\u00e9tails et r\u00e9alis\u00e9 \u00e0 l\u2019aide des mat\u00e9riaux les\" \/>\n<meta name=\"robots\" content=\"index, follow, max-snippet:-1, max-image-preview:large, max-video-preview:-1\" \/>\n<link rel=\"canonical\" href=\"https:\/\/www.autohome-official.com\/fr\/garantie-2\/\" \/>\n<meta property=\"og:locale\" content=\"fr_FR\" \/>\n<meta property=\"og:type\" content=\"article\" \/>\n<meta property=\"og:title\" content=\"GARANTIE_new - Autohome Official\" \/>\n<meta property=\"og:description\" content=\"GARANTIE WARRANTY UP TO 2\/5 YEARS. Chacun des articles fabriqu\u00e9s par Autohome a \u00e9t\u00e9 \u00e9tudi\u00e9 dans les moindres d\u00e9tails et r\u00e9alis\u00e9 \u00e0 l\u2019aide des mat\u00e9riaux les\" \/>\n<meta property=\"og:url\" content=\"https:\/\/www.autohome-official.com\/fr\/garantie-2\/\" \/>\n<meta property=\"og:site_name\" content=\"Autohome Official\" \/>\n<meta property=\"article:publisher\" content=\"https:\/\/www.facebook.com\/Autohome.Official.Page\" \/>\n<meta property=\"article:modified_time\" content=\"2025-09-20T09:06:53+00:00\" \/>\n<meta property=\"og:image\" content=\"https:\/\/www.autohome-official.com\/wp-content\/uploads\/2016\/09\/x2.png\" \/>\n<meta name=\"twitter:card\" content=\"summary_large_image\" \/>\n<meta name=\"twitter:label1\" content=\"Dur\u00e9e de lecture estim\u00e9e\" \/>\n\t<meta name=\"twitter:data1\" content=\"46 minutes\" \/>\n<script type=\"application\/ld+json\" class=\"yoast-schema-graph\">{\"@context\":\"https:\/\/schema.org\",\"@graph\":[{\"@type\":\"WebPage\",\"@id\":\"https:\/\/www.autohome-official.com\/fr\/garantie-2\/\",\"url\":\"https:\/\/www.autohome-official.com\/fr\/garantie-2\/\",\"name\":\"GARANTIE_new - Autohome Official\",\"isPartOf\":{\"@id\":\"https:\/\/www.autohome-official.com\/#website\"},\"primaryImageOfPage\":{\"@id\":\"https:\/\/www.autohome-official.com\/fr\/garantie-2\/#primaryimage\"},\"image\":{\"@id\":\"https:\/\/www.autohome-official.com\/fr\/garantie-2\/#primaryimage\"},\"thumbnailUrl\":\"https:\/\/www.autohome-official.com\/wp-content\/uploads\/2016\/09\/x2.png\",\"datePublished\":\"2021-03-17T14:32:27+00:00\",\"dateModified\":\"2025-09-20T09:06:53+00:00\",\"description\":\"GARANTIE WARRANTY UP TO 2\/5 YEARS. Chacun des articles fabriqu\u00e9s par Autohome a \u00e9t\u00e9 \u00e9tudi\u00e9 dans les moindres d\u00e9tails et r\u00e9alis\u00e9 \u00e0 l\u2019aide des mat\u00e9riaux les\",\"breadcrumb\":{\"@id\":\"https:\/\/www.autohome-official.com\/fr\/garantie-2\/#breadcrumb\"},\"inLanguage\":\"fr-FR\",\"potentialAction\":[{\"@type\":\"ReadAction\",\"target\":[\"https:\/\/www.autohome-official.com\/fr\/garantie-2\/\"]}]},{\"@type\":\"ImageObject\",\"inLanguage\":\"fr-FR\",\"@id\":\"https:\/\/www.autohome-official.com\/fr\/garantie-2\/#primaryimage\",\"url\":\"https:\/\/www.autohome-official.com\/wp-content\/uploads\/2016\/09\/x2.png\",\"contentUrl\":\"https:\/\/www.autohome-official.com\/wp-content\/uploads\/2016\/09\/x2.png\"},{\"@type\":\"BreadcrumbList\",\"@id\":\"https:\/\/www.autohome-official.com\/fr\/garantie-2\/#breadcrumb\",\"itemListElement\":[{\"@type\":\"ListItem\",\"position\":1,\"name\":\"Home\",\"item\":\"https:\/\/www.autohome-official.com\/fr\/\"},{\"@type\":\"ListItem\",\"position\":2,\"name\":\"GARANTIE_new\"}]},{\"@type\":\"WebSite\",\"@id\":\"https:\/\/www.autohome-official.com\/#website\",\"url\":\"https:\/\/www.autohome-official.com\/\",\"name\":\"Autohome\",\"description\":\"Tende da tetto - Dachzelte - Tentes de Toit - Roof Top Tents\",\"publisher\":{\"@id\":\"https:\/\/www.autohome-official.com\/#organization\"},\"alternateName\":\"Autohome Official\",\"potentialAction\":[{\"@type\":\"SearchAction\",\"target\":{\"@type\":\"EntryPoint\",\"urlTemplate\":\"https:\/\/www.autohome-official.com\/?s={search_term_string}\"},\"query-input\":{\"@type\":\"PropertyValueSpecification\",\"valueRequired\":true,\"valueName\":\"search_term_string\"}}],\"inLanguage\":\"fr-FR\"},{\"@type\":\"Organization\",\"@id\":\"https:\/\/www.autohome-official.com\/#organization\",\"name\":\"Autohome\",\"alternateName\":\"Autohome Official\",\"url\":\"https:\/\/www.autohome-official.com\/\",\"logo\":{\"@type\":\"ImageObject\",\"inLanguage\":\"fr-FR\",\"@id\":\"https:\/\/www.autohome-official.com\/#\/schema\/logo\/image\/\",\"url\":\"https:\/\/www.autohome-official.com\/wp-content\/uploads\/2026\/02\/Maggiolina-Autohome-logo.jpg\",\"contentUrl\":\"https:\/\/www.autohome-official.com\/wp-content\/uploads\/2026\/02\/Maggiolina-Autohome-logo.jpg\",\"width\":512,\"height\":512,\"caption\":\"Autohome\"},\"image\":{\"@id\":\"https:\/\/www.autohome-official.com\/#\/schema\/logo\/image\/\"},\"sameAs\":[\"https:\/\/www.facebook.com\/Autohome.Official.Page\",\"https:\/\/www.instagram.com\/autohome_official\/\",\"http:\/\/www.youtube.com\/user\/AutohomeOfficial\"],\"description\":\"Le prime tende da tetto auto al mondo, prodotte in Italia dal 1958.\",\"email\":\"info@autohome.it\",\"telephone\":\"0039 0376 99590\",\"legalName\":\"Zifer Italia SRL\",\"vatID\":\"IT01329850208\"}]}<\/script>\n<!-- \/ Yoast SEO Premium plugin. -->","yoast_head_json":{"title":"GARANTIE_new - Autohome Official","description":"GARANTIE WARRANTY UP TO 2\/5 YEARS. Chacun des articles fabriqu\u00e9s par Autohome a \u00e9t\u00e9 \u00e9tudi\u00e9 dans les moindres d\u00e9tails et r\u00e9alis\u00e9 \u00e0 l\u2019aide des mat\u00e9riaux les","robots":{"index":"index","follow":"follow","max-snippet":"max-snippet:-1","max-image-preview":"max-image-preview:large","max-video-preview":"max-video-preview:-1"},"canonical":"https:\/\/www.autohome-official.com\/fr\/garantie-2\/","og_locale":"fr_FR","og_type":"article","og_title":"GARANTIE_new - Autohome Official","og_description":"GARANTIE WARRANTY UP TO 2\/5 YEARS. Chacun des articles fabriqu\u00e9s par Autohome a \u00e9t\u00e9 \u00e9tudi\u00e9 dans les moindres d\u00e9tails et r\u00e9alis\u00e9 \u00e0 l\u2019aide des mat\u00e9riaux les","og_url":"https:\/\/www.autohome-official.com\/fr\/garantie-2\/","og_site_name":"Autohome Official","article_publisher":"https:\/\/www.facebook.com\/Autohome.Official.Page","article_modified_time":"2025-09-20T09:06:53+00:00","og_image":[{"url":"https:\/\/www.autohome-official.com\/wp-content\/uploads\/2016\/09\/x2.png"}],"twitter_card":"summary_large_image","twitter_misc":{"Dur\u00e9e de lecture estim\u00e9e":"46 minutes"},"schema":{"@context":"https:\/\/schema.org","@graph":[{"@type":"WebPage","@id":"https:\/\/www.autohome-official.com\/fr\/garantie-2\/","url":"https:\/\/www.autohome-official.com\/fr\/garantie-2\/","name":"GARANTIE_new - Autohome Official","isPartOf":{"@id":"https:\/\/www.autohome-official.com\/#website"},"primaryImageOfPage":{"@id":"https:\/\/www.autohome-official.com\/fr\/garantie-2\/#primaryimage"},"image":{"@id":"https:\/\/www.autohome-official.com\/fr\/garantie-2\/#primaryimage"},"thumbnailUrl":"https:\/\/www.autohome-official.com\/wp-content\/uploads\/2016\/09\/x2.png","datePublished":"2021-03-17T14:32:27+00:00","dateModified":"2025-09-20T09:06:53+00:00","description":"GARANTIE WARRANTY UP TO 2\/5 YEARS. Chacun des articles fabriqu\u00e9s par Autohome a \u00e9t\u00e9 \u00e9tudi\u00e9 dans les moindres d\u00e9tails et r\u00e9alis\u00e9 \u00e0 l\u2019aide des mat\u00e9riaux les","breadcrumb":{"@id":"https:\/\/www.autohome-official.com\/fr\/garantie-2\/#breadcrumb"},"inLanguage":"fr-FR","potentialAction":[{"@type":"ReadAction","target":["https:\/\/www.autohome-official.com\/fr\/garantie-2\/"]}]},{"@type":"ImageObject","inLanguage":"fr-FR","@id":"https:\/\/www.autohome-official.com\/fr\/garantie-2\/#primaryimage","url":"https:\/\/www.autohome-official.com\/wp-content\/uploads\/2016\/09\/x2.png","contentUrl":"https:\/\/www.autohome-official.com\/wp-content\/uploads\/2016\/09\/x2.png"},{"@type":"BreadcrumbList","@id":"https:\/\/www.autohome-official.com\/fr\/garantie-2\/#breadcrumb","itemListElement":[{"@type":"ListItem","position":1,"name":"Home","item":"https:\/\/www.autohome-official.com\/fr\/"},{"@type":"ListItem","position":2,"name":"GARANTIE_new"}]},{"@type":"WebSite","@id":"https:\/\/www.autohome-official.com\/#website","url":"https:\/\/www.autohome-official.com\/","name":"Autohome","description":"Tende da tetto - Dachzelte - Tentes de Toit - Roof Top Tents","publisher":{"@id":"https:\/\/www.autohome-official.com\/#organization"},"alternateName":"Autohome Official","potentialAction":[{"@type":"SearchAction","target":{"@type":"EntryPoint","urlTemplate":"https:\/\/www.autohome-official.com\/?s={search_term_string}"},"query-input":{"@type":"PropertyValueSpecification","valueRequired":true,"valueName":"search_term_string"}}],"inLanguage":"fr-FR"},{"@type":"Organization","@id":"https:\/\/www.autohome-official.com\/#organization","name":"Autohome","alternateName":"Autohome Official","url":"https:\/\/www.autohome-official.com\/","logo":{"@type":"ImageObject","inLanguage":"fr-FR","@id":"https:\/\/www.autohome-official.com\/#\/schema\/logo\/image\/","url":"https:\/\/www.autohome-official.com\/wp-content\/uploads\/2026\/02\/Maggiolina-Autohome-logo.jpg","contentUrl":"https:\/\/www.autohome-official.com\/wp-content\/uploads\/2026\/02\/Maggiolina-Autohome-logo.jpg","width":512,"height":512,"caption":"Autohome"},"image":{"@id":"https:\/\/www.autohome-official.com\/#\/schema\/logo\/image\/"},"sameAs":["https:\/\/www.facebook.com\/Autohome.Official.Page","https:\/\/www.instagram.com\/autohome_official\/","http:\/\/www.youtube.com\/user\/AutohomeOfficial"],"description":"Le prime tende da tetto auto al mondo, prodotte in Italia dal 1958.","email":"info@autohome.it","telephone":"0039 0376 99590","legalName":"Zifer Italia SRL","vatID":"IT01329850208"}]}},"_links":{"self":[{"href":"https:\/\/www.autohome-official.com\/fr\/wp-json\/wp\/v2\/pages\/54700"}],"collection":[{"href":"https:\/\/www.autohome-official.com\/fr\/wp-json\/wp\/v2\/pages"}],"about":[{"href":"https:\/\/www.autohome-official.com\/fr\/wp-json\/wp\/v2\/types\/page"}],"author":[{"embeddable":true,"href":"https:\/\/www.autohome-official.com\/fr\/wp-json\/wp\/v2\/users\/4"}],"replies":[{"embeddable":true,"href":"https:\/\/www.autohome-official.com\/fr\/wp-json\/wp\/v2\/comments?post=54700"}],"version-history":[{"count":2,"href":"https:\/\/www.autohome-official.com\/fr\/wp-json\/wp\/v2\/pages\/54700\/revisions"}],"predecessor-version":[{"id":80022,"href":"https:\/\/www.autohome-official.com\/fr\/wp-json\/wp\/v2\/pages\/54700\/revisions\/80022"}],"wp:attachment":[{"href":"https:\/\/www.autohome-official.com\/fr\/wp-json\/wp\/v2\/media?parent=54700"}],"curies":[{"name":"wp","href":"https:\/\/api.w.org\/{rel}","templated":true}]}}